{"id":51686,"date":"2023-09-19T08:09:27","date_gmt":"2023-09-19T13:09:27","guid":{"rendered":"https:\/\/hmh.org\/?post_type=tribe_events&#038;p=51686"},"modified":"2023-09-19T08:09:40","modified_gmt":"2023-09-19T13:09:40","slug":"vedem-la-revista-subterranea-del-gueto-de-terezin","status":"publish","type":"tribe_events","link":"https:\/\/hmh.org\/es\/event\/vedem-la-revista-subterranea-del-gueto-de-terezin\/","title":{"rendered":"Vedem: la revista subterr\u00e1nea del gueto de Terezin"},"content":{"rendered":"<p>[et_pb_section fb_built=\u00bb1&#8243; _builder_version=\u00bb4.18.0&#8243; _module_preset=\u00bbdefault\u00bb locked=\u00bboff\u00bb global_colors_info=\u00bb{}\u00bb][et_pb_row _builder_version=\u00bb4.21.0&#8243; _module_preset=\u00bbdefault\u00bb width=\u00bb100%\u00bb max_width=\u00bb100%\u00bb custom_padding=\u00bb0px||0px||false|false\u00bb locked=\u00bboff\u00bb global_colors_info=\u00bb{}\u00bb][et_pb_column type=\u00bb4_4&#8243; _builder_version=\u00bb4.18.0&#8243; _module_preset=\u00bbdefault\u00bb global_colors_info=\u00bb{}\u00bb][et_pb_text _builder_version=\u00bb4.22.1&#8243; _module_preset=\u00bb86455770-bee1-437e-a943-6f643df6ecc0&#8243; hover_enabled=\u00bb0&#8243; sticky_enabled=\u00bb0&#8243;]Esta exposici\u00f3n multimedia de arte deconstruye y reinterpreta la obra literaria de una sociedad secreta de ni\u00f1os jud\u00edos, quienes crearon la revista clandestina que dur\u00f3 m\u00e1s tiempo entre todos los campamentos nazis. Con una combinaci\u00f3n de gr\u00e1ficas, dibujos, pinturas de arte pop, y la prosa y poes\u00eda de prisioneros adolescentes del gueto de Terezin, en la exposici\u00f3n se exploran 83 ediciones semanales de la revista Vedem. Producida de 1942 a 1944, la zine (revista hecha a mano) original, es recreada por medio de paneles dedicados a los varios temas de discusi\u00f3n, como las secciones \u201cAtractivos\u201d, \u201cHumor\u201d y \u201cNoticias y redacci\u00f3n\u201d.<\/p>\n<p>Vedem Underground aumenta la escala sugerida de la publicaci\u00f3n original y mezcla e iguala el arte con la poes\u00eda y la prosa, para reinterpretar una obra de resistencia art\u00edstica que sigue siendo tan relevante hoy como lo fue hace m\u00e1s de 70 a\u00f1os. Estar\u00e1n puestas en exhibici\u00f3n las reproducciones de 56 impresionantes objetos, recuerdos, fotograf\u00edas y 800 p\u00e1ginas de las revistas Vedem originales, provistas por Pamatnik Terezin, el Museo de Conmemoraci\u00f3n de Terezin en el gueto de Terezin. Tambi\u00e9n se incluyen cuatro videos de metraje nunca antes visto de Terezin filmado para la pel\u00edcula del documental, \u201cVedem Underground\u201d.<\/p>\n<p>En exhibici\u00f3n para el p\u00fablico en general en la Galer\u00eda Mincberg del MHH a partir del 16 de junio de 2017, Vedem Underground es un testimonio para el esp\u00edritu humano. Da tributo al legado de los escritores, editores e ilustradores adolescentes de Vedem, quienes se expresaron creando su propio medio, a pesar de saber el riesgo que corr\u00edan sus vidas al hacerlo. Organizada por The Vedem Underground Project y bajo la conservaci\u00f3n de Rina Taraseiskey, Michael Murphy y Danny King, la exposici\u00f3n es la ganadora de la WORD Grant de 2016: The Bruce Geller Memorial Prize, un proyecto de la American Jewish University\u2019s Institute for Jewish Creativity. Righteous Persons Foundation, Ziering Family Foundation y Jewish Community Foundation of Los Angeles brindaron su apoyo a la exposici\u00f3n. Al d\u00eda de hoy, la exposici\u00f3n se ha presentado en el Museo de la Tolerancia, LA; LA Jewish Community Foundation y Box Gallery; y El Paso Holocaust Museum.<\/p>\n<p>Los miembros del MHH est\u00e1n invitados a la recepci\u00f3n de preestreno con el artista de 6 p. m. a 8 p. m. el jueves 15 de febrero de 2017. La entrada es gratuita, pero se requiere de una inscripci\u00f3n previa para esta recepci\u00f3n. Visite www.hmh.org\/RegisterEvent.aspx para confirmar su asistencia en l\u00ednea. [\/et_pb_text][\/et_pb_column][\/et_pb_row][\/et_pb_section]<\/p>\n","protected":false},"excerpt":{"rendered":"<p>Esta exposici\u00f3n multimedia de arte deconstruye y reinterpreta la obra literaria de una sociedad secreta de ni\u00f1os jud\u00edos, quienes crearon la revista clandestina que dur\u00f3 m\u00e1s tiempo entre todos los [&hellip;]<\/p>\n","protected":false},"author":1,"featured_media":0,"template":"","meta":{"_acf_changed":false,"_et_pb_use_builder":"on","_et_pb_old_content":"","_et_gb_content_width":"","inline_featured_image":false,"_tribe_events_status":"","_tribe_events_status_reason":"","_tribe_events_is_hybrid":"","_tribe_events_is_virtual":"","_tribe_events_virtual_video_source":"","_tribe_events_virtual_embed_video":"","_tribe_events_virtual_linked_button_text":"","_tribe_events_virtual_linked_button":"","_tribe_events_virtual_show_embed_at":"","_tribe_events_virtual_show_embed_to":[],"_tribe_events_virtual_show_on_event":"","_tribe_events_virtual_show_on_views":"","_tribe_events_virtual_url":"","footnotes":""},"tags":[],"exhibitions_type":[],"tribe_events_cat":[162],"class_list":["post-51686","tribe_events","type-tribe_events","status-publish","hentry","tribe_events_cat-exposiciones","cat_exposiciones"],"acf":[],"_links":{"self":[{"href":"https:\/\/hmh.org\/es\/wp-json\/wp\/v2\/tribe_events\/51686","targetHints":{"allow":["GET"]}}],"collection":[{"href":"https:\/\/hmh.org\/es\/wp-json\/wp\/v2\/tribe_events"}],"about":[{"href":"https:\/\/hmh.org\/es\/wp-json\/wp\/v2\/types\/tribe_events"}],"author":[{"embeddable":true,"href":"https:\/\/hmh.org\/es\/wp-json\/wp\/v2\/users\/1"}],"version-history":[{"count":0,"href":"https:\/\/hmh.org\/es\/wp-json\/wp\/v2\/tribe_events\/51686\/revisions"}],"wp:attachment":[{"href":"https:\/\/hmh.org\/es\/wp-json\/wp\/v2\/media?parent=51686"}],"wp:term":[{"taxonomy":"post_tag","embeddable":true,"href":"https:\/\/hmh.org\/es\/wp-json\/wp\/v2\/tags?post=51686"},{"taxonomy":"exhibitions_type","embeddable":true,"href":"https:\/\/hmh.org\/es\/wp-json\/wp\/v2\/exhibitions_type?post=51686"},{"taxonomy":"tribe_events_cat","embeddable":true,"href":"https:\/\/hmh.org\/es\/wp-json\/wp\/v2\/tribe_events_cat?post=51686"}],"curies":[{"name":"wp","href":"https:\/\/api.w.org\/{rel}","templated":true}]}}