{"id":51675,"date":"2023-09-19T07:58:11","date_gmt":"2023-09-19T12:58:11","guid":{"rendered":"https:\/\/hmh.org\/?post_type=tribe_events&#038;p=51675"},"modified":"2023-09-27T06:16:27","modified_gmt":"2023-09-27T11:16:27","slug":"arrancados-de-raiz","status":"publish","type":"tribe_events","link":"https:\/\/hmh.org\/es\/event\/arrancados-de-raiz\/","title":{"rendered":"Arrancados de ra\u00edz"},"content":{"rendered":"<p>[et_pb_section fb_built=\u00bb1&#8243; _builder_version=\u00bb4.18.0&#8243; _module_preset=\u00bbdefault\u00bb locked=\u00bboff\u00bb global_colors_info=\u00bb{}\u00bb][et_pb_row _builder_version=\u00bb4.21.0&#8243; _module_preset=\u00bbdefault\u00bb width=\u00bb100%\u00bb max_width=\u00bb100%\u00bb custom_padding=\u00bb0px||0px||false|false\u00bb locked=\u00bboff\u00bb global_colors_info=\u00bb{}\u00bb][et_pb_column type=\u00bb4_4&#8243; _builder_version=\u00bb4.18.0&#8243; _module_preset=\u00bbdefault\u00bb global_colors_info=\u00bb{}\u00bb][et_pb_code module_class=\u00bbvideo_slide_code\u00bb _builder_version=\u00bb4.22.2&#8243; _module_preset=\u00bbdefault\u00bb global_colors_info=\u00bb{}\u00bb]\t\t<div id=\"image_gallery_53084\" class=\"row all-images\">\n\t\t\t<div class=\"slider-pro\" id=\"my-slider-53084\">\n\t\t\t\t<div class=\"sp-slides\">\n\t\t\t\t\t\t\t\t\t\t\t\t<div class=\"sp-slide\">\n\t\t\t\t\t\t\t\t\t\t\t\t\t\t\t\t\t<img decoding=\"async\" class=\"sp-image\" src=\"https:\/\/hmh.org\/wp-content\/plugins\/media-slider\/css\/images\/blank.gif\"\n\t\t\t\t\t\t\t\t\t\tdata-src=\"https:\/\/hmh.org\/wp-content\/uploads\/image.png-456x380-q85-subsampling-2-upscale.jpg\" data-small=\"https:\/\/hmh.org\/wp-content\/uploads\/image.png-456x380-q85-subsampling-2-upscale.jpg\"\n\t\t\t\t\t\t\t\t\t\tdata-medium=\"https:\/\/hmh.org\/wp-content\/uploads\/image.png-456x380-q85-subsampling-2-upscale.jpg\" data-large=\"https:\/\/hmh.org\/wp-content\/uploads\/image.png-456x380-q85-subsampling-2-upscale.jpg\"\n\t\t\t\t\t\t\t\t\t\tdata-retina=\"https:\/\/hmh.org\/wp-content\/uploads\/image.png-456x380-q85-subsampling-2-upscale.jpg\" \/>\n\n\t\t\t\t\t\t\t\t\t\t\t\t\t\t\t\t\t\t\t<p class=\"sp-layer sp-white sp-padding\" align=\"center\"\n\t\t\t\t\t\t\t\t\t\t\tdata-position=\"bottom\"\n\t\t\t\t\t\t\t\t\t\t\tdata-vertical=\"35\" data-horizontal=\"10\"\n\t\t\t\t\t\t\t\t\t\t\tdata-show-delay=\"500\">\n\t\t\t\t\t\t\t\t\t\t\t\t\t\t\t\t\t\t\t\t\t\t\t<span class=\"title-css\">\n\t\t\t\t\t\t\t\t\t\t\t\t\tThis tea set was given to Lea and Mendel Abramowicz as a wedding gift in 1937. This tea set was given to Lea and Mendel Abramowicz as a wedding gift in 1937.\t\t\t\t\t\t\t\t\t\t\t\t<\/span><br>\n\t\t\t\t\t\t\t\t\t\t\t\t\t\t\t\t\t\t\t\t\t\t\t\t\t\t\t\t\t\t\t\t<\/p>\n\t\t\t\t\t\t\t\t\t\n\t\t\t\t\t\t\t\t\t\t\t\t\t\t\t\t\t\t\t<p class=\"sp-caption\"><span class=\"caption-css\">\n\t\t\t\t\t\t\t\t\t\t\t\tThis tea set was given to Lea and Mendel Abramowicz as a wedding gift in 1937. This tea set was given to Lea and Mendel Abramowicz as a wedding gift in 1937.\t\t\t\t\t\t\t\t\t\t\t<\/span><\/p>\n\t\t\t\t\t\t\t\t\t\t\t\t\t\t\t\t\t\t\t\t\t\t\t\t\t\t\t\t\t\t\t\t<\/div>\n\t\t\t\t\t\t\t\t\t\t\t\t\t\t<div class=\"sp-slide\">\n\t\t\t\t\t\t\t\t\t\t\t\t\t\t\t\t\t<img decoding=\"async\" class=\"sp-image\" src=\"https:\/\/hmh.org\/wp-content\/plugins\/media-slider\/css\/images\/blank.gif\"\n\t\t\t\t\t\t\t\t\t\tdata-src=\"https:\/\/hmh.org\/wp-content\/uploads\/image.png-456x213-q85-subsampling-2-upscale.jpg\" data-small=\"https:\/\/hmh.org\/wp-content\/uploads\/image.png-456x213-q85-subsampling-2-upscale.jpg\"\n\t\t\t\t\t\t\t\t\t\tdata-medium=\"https:\/\/hmh.org\/wp-content\/uploads\/image.png-456x213-q85-subsampling-2-upscale.jpg\" data-large=\"https:\/\/hmh.org\/wp-content\/uploads\/image.png-456x213-q85-subsampling-2-upscale.jpg\"\n\t\t\t\t\t\t\t\t\t\tdata-retina=\"https:\/\/hmh.org\/wp-content\/uploads\/image.png-456x213-q85-subsampling-2-upscale.jpg\" \/>\n\n\t\t\t\t\t\t\t\t\t\t\t\t\t\t\t\t\t\t\t<p class=\"sp-layer sp-white sp-padding\" align=\"center\"\n\t\t\t\t\t\t\t\t\t\t\tdata-position=\"bottom\"\n\t\t\t\t\t\t\t\t\t\t\tdata-vertical=\"35\" data-horizontal=\"10\"\n\t\t\t\t\t\t\t\t\t\t\tdata-show-delay=\"500\">\n\t\t\t\t\t\t\t\t\t\t\t\t\t\t\t\t\t\t\t\t\t\t\t<span class=\"title-css\">\n\t\t\t\t\t\t\t\t\t\t\t\t\t\u00abUprooted\u00bb\t\t\t\t\t\t\t\t\t\t\t\t<\/span><br>\n\t\t\t\t\t\t\t\t\t\t\t\t\t\t\t\t\t\t\t\t\t\t\t\t\t\t\t\t\t\t\t\t<\/p>\n\t\t\t\t\t\t\t\t\t\n\t\t\t\t\t\t\t\t\t\t\t\t\t\t\t\t\t\t\t<p class=\"sp-caption\"><span class=\"caption-css\">\n\t\t\t\t\t\t\t\t\t\t\t\t\u00abUprooted\u00bb\t\t\t\t\t\t\t\t\t\t\t<\/span><\/p>\n\t\t\t\t\t\t\t\t\t\t\t\t\t\t\t\t\t\t\t\t\t\t\t\t\t\t\t\t\t\t\t\t<\/div>\n\t\t\t\t\t\t\t\t\t\t\t\t\t\t<div class=\"sp-slide\">\n\t\t\t\t\t\t\t\t\t\t\t\t\t\t\t\t\t<img decoding=\"async\" class=\"sp-image\" src=\"https:\/\/hmh.org\/wp-content\/plugins\/media-slider\/css\/images\/blank.gif\"\n\t\t\t\t\t\t\t\t\t\tdata-src=\"https:\/\/hmh.org\/wp-content\/uploads\/image.png-456x626-q85-subsampling-2-upscale-2.jpg\" data-small=\"https:\/\/hmh.org\/wp-content\/uploads\/image.png-456x626-q85-subsampling-2-upscale-2.jpg\"\n\t\t\t\t\t\t\t\t\t\tdata-medium=\"https:\/\/hmh.org\/wp-content\/uploads\/image.png-456x626-q85-subsampling-2-upscale-2.jpg\" data-large=\"https:\/\/hmh.org\/wp-content\/uploads\/image.png-456x626-q85-subsampling-2-upscale-2.jpg\"\n\t\t\t\t\t\t\t\t\t\tdata-retina=\"https:\/\/hmh.org\/wp-content\/uploads\/image.png-456x626-q85-subsampling-2-upscale-2.jpg\" \/>\n\n\t\t\t\t\t\t\t\t\t\t\t\t\t\t\t\t\t\t\t<p class=\"sp-layer sp-white sp-padding\" align=\"center\"\n\t\t\t\t\t\t\t\t\t\t\tdata-position=\"bottom\"\n\t\t\t\t\t\t\t\t\t\t\tdata-vertical=\"35\" data-horizontal=\"10\"\n\t\t\t\t\t\t\t\t\t\t\tdata-show-delay=\"500\">\n\t\t\t\t\t\t\t\t\t\t\t\t\t\t\t\t\t\t\t\t\t\t\t<span class=\"title-css\">\n\t\t\t\t\t\t\t\t\t\t\t\t\tThis 1929 photograph of the Bielitz family first cousins is on view in \u201cUprooted.\u201d\t\t\t\t\t\t\t\t\t\t\t\t<\/span><br>\n\t\t\t\t\t\t\t\t\t\t\t\t\t\t\t\t\t\t\t\t\t\t\t\t\t\t\t\t\t\t\t\t<\/p>\n\t\t\t\t\t\t\t\t\t\n\t\t\t\t\t\t\t\t\t\t\t\t\t\t\t\t\t\t\t<p class=\"sp-caption\"><span class=\"caption-css\">\n\t\t\t\t\t\t\t\t\t\t\t\tThis 1929 photograph of the Bielitz family first cousins is on view in \u201cUprooted.\u201d\t\t\t\t\t\t\t\t\t\t\t<\/span><\/p>\n\t\t\t\t\t\t\t\t\t\t\t\t\t\t\t\t\t\t\t\t\t\t\t\t\t\t\t\t\t\t\t\t<\/div>\n\t\t\t\t\t\t\t\t\t\t\t<\/div>\n\t\t\t\t\t\t\t<\/div>\n\t\t<\/div>\n\t\t<style>\n\t.title-css {\n\t\tfont-size: 18px;\n\t\tfont-weight: bolder;\n\t\ttext-transform: uppercase;\n\t}\n\n\t.desc-css {\n\t\tfont-size: 16px;\n\t}\n\n\t.caption-css {\n\t\tfont-size: 16px;\n\t\tfont-weight: bolder;\n\t\ttext-transform: uppercase;\n\t}\n\n\ta.sp-video:after {\n\t\tbox-sizing: unset;\n\t}\n\n\t<\/style>\n<script type=\"application\/javascript\">\n\tjQuery(document).ready(function (jQuery) {\n\t\tjQuery(\"#my-slider-53084\").sliderPro({\n\t\t\twidth: 960,\n\t\t\theight: 540,\n\t\t\t\/\/Slide\n\t\t\tcenterImage: true,\n\t\t\tallowScaleUp: true,\n\t\t\tautoSlideSize: false,\n\t\t\tautoHeight: true,\n\t\t\tshuffle: false,\n\t\t\tloop: true,\n\t\t\tvisibleSize: 'auto',\n\t\t\twaitForLayers: false,\n\t\t\tautoScaleLayers: true,\n\t\t\t\/\/Auto\n\t\t\tautoplay: false,\n\t\t\tautoplayDelay: 5000,\n\t\t\tautoplayOnHover: 'pause',\n\t\t\t\/\/Navigation\n\t\t\tarrows: true,\n\t\t\tfadeArrows: false,\n\t\t\tbuttons: false,\n\t\t\tkeyboard: false,\n\t\t\tfullScreen: false,\n\t\t\tfadeFullScreen: false,\n\t\t\t\/\/Video\n\t\t\tplayVideoAction: 'stopAutoplay',\n\t\t\tpauseVideoAction: 'none',\n\t\t\t\/\/Thumbnails\n\t\t\tthumbnailWidth: 200,\n\t\t\tthumbnailHeight: 100,\n\t\t\tthumbnailsPosition: 'top',\n\t\t\tthumbnailArrows: true,\n\t\t\tfadeThumbnailArrows: false,\n\t\t\tthumbnailTouchSwipe: true\t\t});\n\t});\n<\/script>[\/et_pb_code][et_pb_text _builder_version=\u00bb4.22.1&#8243; _module_preset=\u00bb86455770-bee1-437e-a943-6f643df6ecc0&#8243; global_colors_info=\u00bb{}\u00bb]<\/p>\n<p>Por medio del uso de objetos personales, documentos y fotograf\u00edas poco conocidos, se abrir\u00e1 una nueva exposici\u00f3n en abril en el Museo del Holocausto de Houston que muestra las experiencias de dos familias jud\u00edas, con materiales de la colecci\u00f3n permanente del museo mismo.<\/p>\n<p>Durante siglos, el pueblo jud\u00edo sufri\u00f3 muchos periodos de discriminaci\u00f3n combinados con periodos de tolerancia. De expulsiones de Espa\u00f1a en 1492, los pogromos en Rusia, a los derechos completos de ciudadan\u00eda en Francia, fueron obligados a adaptarse a constantes cambios de pol\u00edticas de gobiernos y migraciones forzadas.<\/p>\n<p>\u201cArrancados de ra\u00edz\u201d, abierto al p\u00fablico a partir del 12 de abril de 2013 y en exhibici\u00f3n hasta el 9 de marzo de 2014, en la Galer\u00eda Mincberg del Museo, lleva a los visitantes a trav\u00e9s de las decisiones que tuvieron que enfrentar los jud\u00edos europeos al encontrarse frente al totalitarismo, antisemitismo y m\u00e1s tarde a las pol\u00edticas de la \u201cSoluci\u00f3n Final\u201d de los nazis.<\/p>\n<p>La exposici\u00f3n incluye varios artefactos y documentos puestos en exhibici\u00f3n por primera vez. Las colecciones Abramowicz-Mescherowsky-Teixidor y Levenback-Bielitz permiten hacer un an\u00e1lisis de las dif\u00edciles decisiones que afrontaron estas familias jud\u00edas en particular, decisiones como si enviar solo a un ni\u00f1o en un Kindertransport o si permanecer escondidos y, en algunos casos, unirse a la resistencia o tener que huir a otros pa\u00edses. La exposici\u00f3n ejemplifica la esperanza de que se puede encontrar la seguridad y reestablecer la vida en cualquier otro lugar, a pesar de las pol\u00edticas de aniquilaci\u00f3n del Gobierno nazi.<\/p>\n<p>\u201cArrancados de ra\u00edz\u201d ayudar\u00e1 a muchos visitantes a conocer m\u00e1s profundamente el Holocausto al escuchar las narraciones de Lea y Mendel Abramowicz, Georg y Tanya Mescherowsky, Shura y Lorenzo Teixidor, Hedi Basch-Levenback, Joan Toggitt, Lily Bielitz y otros familiares.<\/p>\n<p>Se invita al p\u00fablico a una recepci\u00f3n de preestreno gratis de 6 a 8 p. m. el jueves, 11 de abril de 2013. La entrada es gratuita, pero se requiere de una inscripci\u00f3n previa para esta recepci\u00f3n. Visite www.hmh.org\/RegisterEvent.aspx para confirmar su asistencia en l\u00ednea.<\/p>\n<p>Tambi\u00e9n se exploran las vidas de ambas familias despu\u00e9s del Holocausto a medida que buscaban una compensaci\u00f3n de da\u00f1os y, para algunos, el emigrar a los Estados Unidos.<\/p>\n<p>Muchos de los materiales en exhibici\u00f3n fueron escondidos durante la guerra, como el juego de t\u00e9 que recibieron Lea y Mendel Abramowicz como regalo de bodas en 1937, y la fotograf\u00eda de 1929 de los primos hermanos de la familia Bielitz juntos antes de que la guerra cambiara sus vidas. Cada art\u00edculo es testigo de supervivencia y asegura que las generaciones futuras aprendan las lecciones y los sucesos del Holocausto.<\/p>\n<p>Para m\u00e1s informaci\u00f3n, llame al 713-942-8000 o env\u00ede un correo electr\u00f3nico a <a href=\"mailto:exhibits@hmh.org\">exhibits@hmh.org<\/a>.<\/p>\n<p>[\/et_pb_text][\/et_pb_column][\/et_pb_row][\/et_pb_section]<\/p>\n","protected":false},"excerpt":{"rendered":"<p>[et_pb_section fb_built=\u00bb1&#8243; _builder_version=\u00bb4.18.0&#8243; _module_preset=\u00bbdefault\u00bb locked=\u00bboff\u00bb global_colors_info=\u00bb{}\u00bb][et_pb_row _builder_version=\u00bb4.21.0&#8243; _module_preset=\u00bbdefault\u00bb width=\u00bb100%\u00bb max_width=\u00bb100%\u00bb custom_padding=\u00bb0px||0px||false|false\u00bb locked=\u00bboff\u00bb global_colors_info=\u00bb{}\u00bb][et_pb_column type=\u00bb4_4&#8243; _builder_version=\u00bb4.18.0&#8243; _module_preset=\u00bbdefault\u00bb global_colors_info=\u00bb{}\u00bb][et_pb_code module_class=\u00bbvideo_slide_code\u00bb _builder_version=\u00bb4.22.2&#8243; _module_preset=\u00bbdefault\u00bb global_colors_info=\u00bb{}\u00bb][\/et_pb_code][et_pb_text _builder_version=\u00bb4.22.1&#8243; _module_preset=\u00bb86455770-bee1-437e-a943-6f643df6ecc0&#8243; global_colors_info=\u00bb{}\u00bb] Por medio del uso de objetos [&hellip;]<\/p>\n","protected":false},"author":1,"featured_media":0,"template":"","meta":{"_acf_changed":false,"_et_pb_use_builder":"on","_et_pb_old_content":"","_et_gb_content_width":"","inline_featured_image":false,"_tribe_events_status":"","_tribe_events_status_reason":"","_tribe_events_is_hybrid":"","_tribe_events_is_virtual":"","_tribe_events_virtual_video_source":"","_tribe_events_virtual_embed_video":"","_tribe_events_virtual_linked_button_text":"","_tribe_events_virtual_linked_button":"","_tribe_events_virtual_show_embed_at":"","_tribe_events_virtual_show_embed_to":[],"_tribe_events_virtual_show_on_event":"","_tribe_events_virtual_show_on_views":"","_tribe_events_virtual_url":"","footnotes":""},"tags":[],"exhibitions_type":[],"tribe_events_cat":[162],"class_list":["post-51675","tribe_events","type-tribe_events","status-publish","hentry","tribe_events_cat-exposiciones"],"acf":[],"_links":{"self":[{"href":"https:\/\/hmh.org\/es\/wp-json\/wp\/v2\/tribe_events\/51675","targetHints":{"allow":["GET"]}}],"collection":[{"href":"https:\/\/hmh.org\/es\/wp-json\/wp\/v2\/tribe_events"}],"about":[{"href":"https:\/\/hmh.org\/es\/wp-json\/wp\/v2\/types\/tribe_events"}],"author":[{"embeddable":true,"href":"https:\/\/hmh.org\/es\/wp-json\/wp\/v2\/users\/1"}],"version-history":[{"count":0,"href":"https:\/\/hmh.org\/es\/wp-json\/wp\/v2\/tribe_events\/51675\/revisions"}],"wp:attachment":[{"href":"https:\/\/hmh.org\/es\/wp-json\/wp\/v2\/media?parent=51675"}],"wp:term":[{"taxonomy":"post_tag","embeddable":true,"href":"https:\/\/hmh.org\/es\/wp-json\/wp\/v2\/tags?post=51675"},{"taxonomy":"exhibitions_type","embeddable":true,"href":"https:\/\/hmh.org\/es\/wp-json\/wp\/v2\/exhibitions_type?post=51675"},{"taxonomy":"tribe_events_cat","embeddable":true,"href":"https:\/\/hmh.org\/es\/wp-json\/wp\/v2\/tribe_events_cat?post=51675"}],"curies":[{"name":"wp","href":"https:\/\/api.w.org\/{rel}","templated":true}]}}