{"id":51515,"date":"2023-09-19T05:22:22","date_gmt":"2023-09-19T10:22:22","guid":{"rendered":"https:\/\/hmh.org\/?post_type=tribe_events&#038;p=51515"},"modified":"2025-12-08T05:13:25","modified_gmt":"2025-12-08T11:13:25","slug":"el-impacto-de-las-ideologias-racistas-jim-crow-y-las-leyes-de-nuremberg","status":"publish","type":"tribe_events","link":"https:\/\/hmh.org\/es\/event\/el-impacto-de-las-ideologias-racistas-jim-crow-y-las-leyes-de-nuremberg\/","title":{"rendered":"El impacto de las ideolog\u00edas racistas: Jim Crow y las Leyes de N\u00faremberg"},"content":{"rendered":"<p>[et_pb_section fb_built=\u00bb1&#8243; _builder_version=\u00bb4.18.0&#8243; _module_preset=\u00bbdefault\u00bb locked=\u00bboff\u00bb global_colors_info=\u00bb{}\u00bb][et_pb_row _builder_version=\u00bb4.21.0&#8243; _module_preset=\u00bbdefault\u00bb width=\u00bb100%\u00bb max_width=\u00bb100%\u00bb custom_padding=\u00bb0px||0px||false|false\u00bb locked=\u00bboff\u00bb global_colors_info=\u00bb{}\u00bb][et_pb_column type=\u00bb4_4&#8243; _builder_version=\u00bb4.18.0&#8243; _module_preset=\u00bbdefault\u00bb global_colors_info=\u00bb{}\u00bb][et_pb_code module_class=\u00bbvideo_slide_code\u00bb _builder_version=\u00bb4.22.2&#8243; _module_preset=\u00bbdefault\u00bb global_colors_info=\u00bb{}\u00bb]\t\t<div id=\"image_gallery_53254\" class=\"row all-images\">\n\t\t\t<div class=\"slider-pro\" id=\"my-slider-53254\">\n\t\t\t\t<div class=\"sp-slides\">\n\t\t\t\t\t\t\t\t\t\t\t\t<div class=\"sp-slide\">\n\t\t\t\t\t\t\t\t\t\t\t\t\t\t\t\t\t<img decoding=\"async\" class=\"sp-image\" src=\"https:\/\/hmh.org\/wp-content\/plugins\/media-slider\/css\/images\/blank.gif\"\n\t\t\t\t\t\t\t\t\t\tdata-src=\"https:\/\/hmh.org\/wp-content\/uploads\/image.png-456x275-q85-subsampling-2-upscale-1.jpg\" data-small=\"https:\/\/hmh.org\/wp-content\/uploads\/image.png-456x275-q85-subsampling-2-upscale-1.jpg\"\n\t\t\t\t\t\t\t\t\t\tdata-medium=\"https:\/\/hmh.org\/wp-content\/uploads\/image.png-456x275-q85-subsampling-2-upscale-1.jpg\" data-large=\"https:\/\/hmh.org\/wp-content\/uploads\/image.png-456x275-q85-subsampling-2-upscale-1.jpg\"\n\t\t\t\t\t\t\t\t\t\tdata-retina=\"https:\/\/hmh.org\/wp-content\/uploads\/image.png-456x275-q85-subsampling-2-upscale-1.jpg\" \/>\n\n\t\t\t\t\t\t\t\t\t\t\t\t\t\t\t\t\t\t\t<p class=\"sp-layer sp-white sp-padding\" align=\"center\"\n\t\t\t\t\t\t\t\t\t\t\tdata-position=\"bottom\"\n\t\t\t\t\t\t\t\t\t\t\tdata-vertical=\"35\" data-horizontal=\"10\"\n\t\t\t\t\t\t\t\t\t\t\tdata-show-delay=\"500\">\n\t\t\t\t\t\t\t\t\t\t\t\t\t\t\t\t\t\t\t\t\t\t\t<span class=\"title-css\">\n\t\t\t\t\t\t\t\t\t\t\t\t\tLeft: In April 1933, the Nazis organized a boycott of German Jewish businesses. This woman is reading a sign that expla Left: In April 1933, the Nazis organized a boycott of German Jewish businesses. This woman is reading a sign that explains the Nazi point of view. (Credit: United States Holocaust Memorial Museum, courtesy of National Archives and Records Administration, College Park) Right: Due to the Jim Crow Laws, two patrons were forced to use a separate entrance to shop at this downtown de\t\t\t\t\t\t\t\t\t\t\t\t<\/span><br>\n\t\t\t\t\t\t\t\t\t\t\t\t\t\t\t\t\t\t\t\t\t\t\t\t\t\t\t\t\t\t\t\t<\/p>\n\t\t\t\t\t\t\t\t\t\n\t\t\t\t\t\t\t\t\t\t\t\t\t\t\t\t\t\t\t<p class=\"sp-caption\"><span class=\"caption-css\">\n\t\t\t\t\t\t\t\t\t\t\t\tLeft: In April 1933, the Nazis organized a boycott of German Jewish businesses. This woman is reading a sign that expla Left: In April 1933, the Nazis organized a boycott of German Jewish businesses. This woman is reading a sign that explains the Nazi point of view. (Credit: United States Holocaust Memorial Museum, courtesy of National Archives and Records Administration, College Park) Right: Due to the Jim Crow Laws, two patrons were forced to use a separate entrance to shop at this downtown de\t\t\t\t\t\t\t\t\t\t\t<\/span><\/p>\n\t\t\t\t\t\t\t\t\t\t\t\t\t\t\t\t\t\t\t\t\t\t\t\t\t\t\t\t\t\t\t\t<\/div>\n\t\t\t\t\t\t\t\t\t\t\t\t\t\t<div class=\"sp-slide\">\n\t\t\t\t\t\t\t\t\t\t\t\t\t\t\t\t\t<img decoding=\"async\" class=\"sp-image\" src=\"https:\/\/hmh.org\/wp-content\/plugins\/media-slider\/css\/images\/blank.gif\"\n\t\t\t\t\t\t\t\t\t\tdata-src=\"https:\/\/hmh.org\/wp-content\/uploads\/image.png-1500x1195-q85-subsampling-2-upscale-1-1.jpg\" data-small=\"https:\/\/hmh.org\/wp-content\/uploads\/image.png-1500x1195-q85-subsampling-2-upscale-1-1.jpg\"\n\t\t\t\t\t\t\t\t\t\tdata-medium=\"https:\/\/hmh.org\/wp-content\/uploads\/image.png-1500x1195-q85-subsampling-2-upscale-1-1.jpg\" data-large=\"https:\/\/hmh.org\/wp-content\/uploads\/image.png-1500x1195-q85-subsampling-2-upscale-1-1.jpg\"\n\t\t\t\t\t\t\t\t\t\tdata-retina=\"https:\/\/hmh.org\/wp-content\/uploads\/image.png-1500x1195-q85-subsampling-2-upscale-1-1.jpg\" \/>\n\n\t\t\t\t\t\t\t\t\t\t\t\t\t\t\t\t\t\t\t<p class=\"sp-layer sp-white sp-padding\" align=\"center\"\n\t\t\t\t\t\t\t\t\t\t\tdata-position=\"bottom\"\n\t\t\t\t\t\t\t\t\t\t\tdata-vertical=\"35\" data-horizontal=\"10\"\n\t\t\t\t\t\t\t\t\t\t\tdata-show-delay=\"500\">\n\t\t\t\t\t\t\t\t\t\t\t\t\t\t\t\t\t\t\t\t\t\t\t<span class=\"title-css\">\n\t\t\t\t\t\t\t\t\t\t\t\t\tThe success of the Greensboro sit-in emboldened young people at Texas Southern University to take their own action. On March 4, 1960, a group of 13 black students sat down at Weingarten\u2019s lunch counter and demanded service. The successful sit-in was the catalyst for more protests throughout Houston. By the end of the year, Houston businesses were largely desegregated. (Courtesy, Houston Metropolitan Research Center)\t\t\t\t\t\t\t\t\t\t\t\t<\/span><br>\n\t\t\t\t\t\t\t\t\t\t\t\t\t\t\t\t\t\t\t\t\t\t\t\t\t\t\t\t\t\t\t\t<\/p>\n\t\t\t\t\t\t\t\t\t\n\t\t\t\t\t\t\t\t\t\t\t\t\t\t\t\t\t\t\t<p class=\"sp-caption\"><span class=\"caption-css\">\n\t\t\t\t\t\t\t\t\t\t\t\tThe success of the Greensboro sit-in emboldened young people at Texas Southern University to take their own action. On March 4, 1960, a group of 13 black students sat down at Weingarten\u2019s lunch counter and demanded service. The successful sit-in was the catalyst for more protests throughout Houston. By the end of the year, Houston businesses were largely desegregated. (Courtesy, Houston Metropolitan Research Center)\t\t\t\t\t\t\t\t\t\t\t<\/span><\/p>\n\t\t\t\t\t\t\t\t\t\t\t\t\t\t\t\t\t\t\t\t\t\t\t\t\t\t\t\t\t\t\t\t<\/div>\n\t\t\t\t\t\t\t\t\t\t\t\t\t\t<div class=\"sp-slide\">\n\t\t\t\t\t\t\t\t\t\t\t\t\t\t\t\t\t<img decoding=\"async\" class=\"sp-image\" src=\"https:\/\/hmh.org\/wp-content\/plugins\/media-slider\/css\/images\/blank.gif\"\n\t\t\t\t\t\t\t\t\t\tdata-src=\"https:\/\/hmh.org\/wp-content\/uploads\/image.png-456x658-q85-subsampling-2-upscale-1.jpg\" data-small=\"https:\/\/hmh.org\/wp-content\/uploads\/image.png-456x658-q85-subsampling-2-upscale-1.jpg\"\n\t\t\t\t\t\t\t\t\t\tdata-medium=\"https:\/\/hmh.org\/wp-content\/uploads\/image.png-456x658-q85-subsampling-2-upscale-1.jpg\" data-large=\"https:\/\/hmh.org\/wp-content\/uploads\/image.png-456x658-q85-subsampling-2-upscale-1.jpg\"\n\t\t\t\t\t\t\t\t\t\tdata-retina=\"https:\/\/hmh.org\/wp-content\/uploads\/image.png-456x658-q85-subsampling-2-upscale-1.jpg\" \/>\n\n\t\t\t\t\t\t\t\t\t\t\t\t\t\t\t\t\t\t\t<p class=\"sp-layer sp-white sp-padding\" align=\"center\"\n\t\t\t\t\t\t\t\t\t\t\tdata-position=\"bottom\"\n\t\t\t\t\t\t\t\t\t\t\tdata-vertical=\"35\" data-horizontal=\"10\"\n\t\t\t\t\t\t\t\t\t\t\tdata-show-delay=\"500\">\n\t\t\t\t\t\t\t\t\t\t\t\t\t\t\t\t\t\t\t\t\t\t\t<span class=\"title-css\">\n\t\t\t\t\t\t\t\t\t\t\t\t\tThis Nazi propaganda poster warns of interracial relationships, justifying and explaining the Nuremberg laws. The text reads, \u00abRace Pollution. Since 1923, Julius Streicher has enlightened the public about race pollution. In 1933, the Fuehrer declared race pollution a crime, punishable by imprisonment. Nevertheless, thousands of race crimes continue to be committed in Germany by Jews. What is Race Pollution? Why did the Fuehrer proclaim the Nuremberg Laws? Why do Jews, systematically and in mass\t\t\t\t\t\t\t\t\t\t\t\t<\/span><br>\n\t\t\t\t\t\t\t\t\t\t\t\t\t\t\t\t\t\t\t\t\t\t\t\t\t\t\t\t\t\t\t\t<\/p>\n\t\t\t\t\t\t\t\t\t\n\t\t\t\t\t\t\t\t\t\t\t\t\t\t\t\t\t\t\t<p class=\"sp-caption\"><span class=\"caption-css\">\n\t\t\t\t\t\t\t\t\t\t\t\tThis Nazi propaganda poster warns of interracial relationships, justifying and explaining the Nuremberg laws. The text reads, \u00abRace Pollution. Since 1923, Julius Streicher has enlightened the public about race pollution. In 1933, the Fuehrer declared race pollution a crime, punishable by imprisonment. Nevertheless, thousands of race crimes continue to be committed in Germany by Jews. What is Race Pollution? Why did the Fuehrer proclaim the Nuremberg Laws? Why do Jews, systematically and in mass\t\t\t\t\t\t\t\t\t\t\t<\/span><\/p>\n\t\t\t\t\t\t\t\t\t\t\t\t\t\t\t\t\t\t\t\t\t\t\t\t\t\t\t\t\t\t\t\t<\/div>\n\t\t\t\t\t\t\t\t\t\t\t\t\t\t<div class=\"sp-slide\">\n\t\t\t\t\t\t\t\t\t\t\t\t\t\t\t\t\t<img decoding=\"async\" class=\"sp-image\" src=\"https:\/\/hmh.org\/wp-content\/plugins\/media-slider\/css\/images\/blank.gif\"\n\t\t\t\t\t\t\t\t\t\tdata-src=\"https:\/\/hmh.org\/wp-content\/uploads\/image.png-456x612-q85-subsampling-2-upscale-1.jpg\" data-small=\"https:\/\/hmh.org\/wp-content\/uploads\/image.png-456x612-q85-subsampling-2-upscale-1.jpg\"\n\t\t\t\t\t\t\t\t\t\tdata-medium=\"https:\/\/hmh.org\/wp-content\/uploads\/image.png-456x612-q85-subsampling-2-upscale-1.jpg\" data-large=\"https:\/\/hmh.org\/wp-content\/uploads\/image.png-456x612-q85-subsampling-2-upscale-1.jpg\"\n\t\t\t\t\t\t\t\t\t\tdata-retina=\"https:\/\/hmh.org\/wp-content\/uploads\/image.png-456x612-q85-subsampling-2-upscale-1.jpg\" \/>\n\n\t\t\t\t\t\t\t\t\t\t\t\t\t\t\t\t\t\t\t<p class=\"sp-layer sp-white sp-padding\" align=\"center\"\n\t\t\t\t\t\t\t\t\t\t\tdata-position=\"bottom\"\n\t\t\t\t\t\t\t\t\t\t\tdata-vertical=\"35\" data-horizontal=\"10\"\n\t\t\t\t\t\t\t\t\t\t\tdata-show-delay=\"500\">\n\t\t\t\t\t\t\t\t\t\t\t\t\t\t\t\t\t\t\t\t\t\t\t<span class=\"title-css\">\n\t\t\t\t\t\t\t\t\t\t\t\t\tIn April 1933, the Nazis organized a boycott of German Jewish businesses. This woman is reading a sign that explains th In April 1933, the Nazis organized a boycott of German Jewish businesses. This woman is reading a sign that explains the Nazi point of view. (Courtesy, United States Holocaust Memorial Museum, courtesy of National Archives and Records Administration, College Park, MD.)\t\t\t\t\t\t\t\t\t\t\t\t<\/span><br>\n\t\t\t\t\t\t\t\t\t\t\t\t\t\t\t\t\t\t\t\t\t\t\t\t\t\t\t\t\t\t\t\t<\/p>\n\t\t\t\t\t\t\t\t\t\n\t\t\t\t\t\t\t\t\t\t\t\t\t\t\t\t\t\t\t<p class=\"sp-caption\"><span class=\"caption-css\">\n\t\t\t\t\t\t\t\t\t\t\t\tIn April 1933, the Nazis organized a boycott of German Jewish businesses. This woman is reading a sign that explains th In April 1933, the Nazis organized a boycott of German Jewish businesses. This woman is reading a sign that explains the Nazi point of view. (Courtesy, United States Holocaust Memorial Museum, courtesy of National Archives and Records Administration, College Park, MD.)\t\t\t\t\t\t\t\t\t\t\t<\/span><\/p>\n\t\t\t\t\t\t\t\t\t\t\t\t\t\t\t\t\t\t\t\t\t\t\t\t\t\t\t\t\t\t\t\t<\/div>\n\t\t\t\t\t\t\t\t\t\t\t<\/div>\n\t\t\t\t\t\t\t<\/div>\n\t\t<\/div>\n\t\t<style>\n\t.title-css {\n\t\tfont-size: 18px;\n\t\tfont-weight: bolder;\n\t\ttext-transform: uppercase;\n\t}\n\n\t.desc-css {\n\t\tfont-size: 16px;\n\t}\n\n\t.caption-css {\n\t\tfont-size: 16px;\n\t\tfont-weight: bolder;\n\t\ttext-transform: uppercase;\n\t}\n\n\ta.sp-video:after {\n\t\tbox-sizing: unset;\n\t}\n\n\t<\/style>\n<script type=\"application\/javascript\">\n\tjQuery(document).ready(function (jQuery) {\n\t\tjQuery(\"#my-slider-53254\").sliderPro({\n\t\t\twidth: 960,\n\t\t\theight: 540,\n\t\t\t\/\/Slide\n\t\t\tcenterImage: true,\n\t\t\tallowScaleUp: true,\n\t\t\tautoSlideSize: false,\n\t\t\tautoHeight: true,\n\t\t\tshuffle: false,\n\t\t\tloop: true,\n\t\t\tvisibleSize: 'auto',\n\t\t\twaitForLayers: false,\n\t\t\tautoScaleLayers: true,\n\t\t\t\/\/Auto\n\t\t\tautoplay: false,\n\t\t\tautoplayDelay: 5000,\n\t\t\tautoplayOnHover: 'pause',\n\t\t\t\/\/Navigation\n\t\t\tarrows: true,\n\t\t\tfadeArrows: false,\n\t\t\tbuttons: false,\n\t\t\tkeyboard: false,\n\t\t\tfullScreen: false,\n\t\t\tfadeFullScreen: false,\n\t\t\t\/\/Video\n\t\t\tplayVideoAction: 'stopAutoplay',\n\t\t\tpauseVideoAction: 'none',\n\t\t\t\/\/Thumbnails\n\t\t\tthumbnailWidth: 200,\n\t\t\tthumbnailHeight: 100,\n\t\t\tthumbnailsPosition: 'top',\n\t\t\tthumbnailArrows: true,\n\t\t\tfadeThumbnailArrows: false,\n\t\t\tthumbnailTouchSwipe: true\t\t});\n\t});\n<\/script>[\/et_pb_code][et_pb_text _builder_version=\u00bb4.22.1&#8243; _module_preset=\u00bb86455770-bee1-437e-a943-6f643df6ecc0&#8243; global_colors_info=\u00bb{}\u00bb]<\/p>\n<p>Contrario a lo que com\u00fanmente se cree, la agresi\u00f3n legal de la Alemania nazi a los jud\u00edos entre 1933 y 1945 no fue \u00fanica en su naturaleza racial ni de pretensi\u00f3n segregacionista. Existen extraordinarias similitudes entre las leyes de Jim Crow de los Estados Unidos y las de la Alemania nazi. Como en muchos de los ataques nazis en contra de los jud\u00edos, los nazis tomaron ideas y pr\u00e1cticas que eran comunes con las suyas y otras culturas, y las radicalizaron para acomodarlas a sus necesidades. Esta exposici\u00f3n analizar\u00e1 las leyes de Jim Crow, con ejemplos del pasado segregacionista de Houston, y las leyes de N\u00faremberg.<\/p>\n<p>La exposici\u00f3n se estrena el 5 de agosto de 2011 y termina el 22 de julio de 2012 en la Galer\u00eda Central del Museo del Holocausto de Houston del Morgan Family Center, 5401 Caroline St., en el distrito de museos de Houston.<\/p>\n<p>La costumbre y la ley son sistemas estrechamente enlazados que afectan la manera en que las personas act\u00faan unas con otras. Tanto en los Estados Unidos posterior a la Guerra Civil como en la Alemania nazi, las libertades y derechos de algunos grupos de personas fueron restringidos. Cada uno de estos pa\u00edses desarroll\u00f3 un sistema de leyes raciales influenciado por costumbres y creencias del pasado. Estos sistemas dar\u00edan forma a la historia de manera dr\u00e1stica.<\/p>\n<p>Bajo cada sistema, ciertos grupos fueron el blanco de ataque. Estos perdieron importantes derechos pol\u00edticos, econ\u00f3micos y sociales. Los afroamericanos fueron el objetivo principal bajo el sistema de leyes de Jim Crow de los EE. UU., nombradas as\u00ed por una caricatura actuada de afroamericanos actuada por un actor blanco. Por otro lado, el pueblo jud\u00edo fue el objetivo principal bajo las Leyes de N\u00faremberg de la Alemania nazi.<\/p>\n<p>Estas leyes, fundamentadas en el privilegio racial, llevaron a la violencia en ambos pa\u00edses. Las leyes de Jim Crow variaban ampliamente en las diferentes regiones de los Estados Unidos. Por lo tanto, los actos violentos tend\u00edan a ser localizados. Las Leyes de N\u00faremberg fueron a nivel nacional, sentando las bases para el asesinato de m\u00e1s de dos tercios de la poblaci\u00f3n jud\u00eda de Europa.<\/p>\n<p>Por medio de im\u00e1genes y recuentos en primera persona, esta exposici\u00f3n permite a los visitantes considerar las leyes de Jim Crow y las Leyes de N\u00faremberg y examinar sus efectos en la vida cotidiana. Por medio de la incorporaci\u00f3n de la historia de Houston con el movimiento de Jim Crow y el de los derechos civiles, la exposici\u00f3n lleva a los visitantes a pensar sobre el impacto de las leyes de Jim Crow y de N\u00faremberg, ambas durante el momento de su implementaci\u00f3n, y el d\u00eda de hoy. Al final, la exposici\u00f3n reta a los visitantes a tomar en cuenta lo que cada individuo debe hacer para disminuir el impacto de las ideolog\u00edas racistas.<\/p>\n<p>La exposici\u00f3n explora la historia del racismo y la eugenesia, doctrinas del pasado, separadas pero iguales, y c\u00f3mo las leyes con fundamentos raciales se usaron para definir a individuos y para restringir derechos por matrimonio, privilegios acad\u00e9micos y otras oportunidades.<\/p>\n<p>Se invita al p\u00fablico a una recepci\u00f3n de preestreno gratis de 6 a 8 p. m. el jueves 4 de agosto de 2011. La entrada es gratuita, pero se requiere de una inscripci\u00f3n previa para esta recepci\u00f3n. Visite www.hmh.org\/RegisterEvent.aspx para confirmar su asistencia en l\u00ednea. Para m\u00e1s informaci\u00f3n, llame al 713-942-8000 o env\u00ede un correo electr\u00f3nico a <a href=\"mailto:exhibits@hmh.org\">exhibits@hmh.org<\/a>.<\/p>\n<p>[\/et_pb_text][\/et_pb_column][\/et_pb_row][\/et_pb_section]<\/p>\n","protected":false},"excerpt":{"rendered":"<p>[et_pb_section fb_built=\u00bb1&#8243; _builder_version=\u00bb4.18.0&#8243; _module_preset=\u00bbdefault\u00bb locked=\u00bboff\u00bb global_colors_info=\u00bb{}\u00bb][et_pb_row _builder_version=\u00bb4.21.0&#8243; _module_preset=\u00bbdefault\u00bb width=\u00bb100%\u00bb max_width=\u00bb100%\u00bb custom_padding=\u00bb0px||0px||false|false\u00bb locked=\u00bboff\u00bb global_colors_info=\u00bb{}\u00bb][et_pb_column type=\u00bb4_4&#8243; _builder_version=\u00bb4.18.0&#8243; _module_preset=\u00bbdefault\u00bb global_colors_info=\u00bb{}\u00bb][et_pb_code module_class=\u00bbvideo_slide_code\u00bb _builder_version=\u00bb4.22.2&#8243; _module_preset=\u00bbdefault\u00bb global_colors_info=\u00bb{}\u00bb][\/et_pb_code][et_pb_text _builder_version=\u00bb4.22.1&#8243; _module_preset=\u00bb86455770-bee1-437e-a943-6f643df6ecc0&#8243; global_colors_info=\u00bb{}\u00bb] Contrario a lo que com\u00fanmente se [&hellip;]<\/p>\n","protected":false},"author":1,"featured_media":0,"template":"","meta":{"_acf_changed":false,"_et_pb_use_builder":"on","_et_pb_old_content":"","_et_gb_content_width":"","inline_featured_image":false,"_tribe_events_status":"","_tribe_events_status_reason":"","_tribe_events_is_hybrid":"","_tribe_events_is_virtual":"","_tribe_events_virtual_video_source":"","_tribe_events_virtual_embed_video":"","_tribe_events_virtual_linked_button_text":"","_tribe_events_virtual_linked_button":"","_tribe_events_virtual_show_embed_at":"","_tribe_events_virtual_show_embed_to":[],"_tribe_events_virtual_show_on_event":"","_tribe_events_virtual_show_on_views":"","_tribe_events_virtual_url":"","footnotes":""},"tags":[],"exhibitions_type":[],"tribe_events_cat":[162],"class_list":["post-51515","tribe_events","type-tribe_events","status-publish","hentry","tribe_events_cat-exposiciones"],"acf":[],"_links":{"self":[{"href":"https:\/\/hmh.org\/es\/wp-json\/wp\/v2\/tribe_events\/51515","targetHints":{"allow":["GET"]}}],"collection":[{"href":"https:\/\/hmh.org\/es\/wp-json\/wp\/v2\/tribe_events"}],"about":[{"href":"https:\/\/hmh.org\/es\/wp-json\/wp\/v2\/types\/tribe_events"}],"author":[{"embeddable":true,"href":"https:\/\/hmh.org\/es\/wp-json\/wp\/v2\/users\/1"}],"version-history":[{"count":0,"href":"https:\/\/hmh.org\/es\/wp-json\/wp\/v2\/tribe_events\/51515\/revisions"}],"wp:attachment":[{"href":"https:\/\/hmh.org\/es\/wp-json\/wp\/v2\/media?parent=51515"}],"wp:term":[{"taxonomy":"post_tag","embeddable":true,"href":"https:\/\/hmh.org\/es\/wp-json\/wp\/v2\/tags?post=51515"},{"taxonomy":"exhibitions_type","embeddable":true,"href":"https:\/\/hmh.org\/es\/wp-json\/wp\/v2\/exhibitions_type?post=51515"},{"taxonomy":"tribe_events_cat","embeddable":true,"href":"https:\/\/hmh.org\/es\/wp-json\/wp\/v2\/tribe_events_cat?post=51515"}],"curies":[{"name":"wp","href":"https:\/\/api.w.org\/{rel}","templated":true}]}}