{"id":51406,"date":"2023-09-19T03:42:47","date_gmt":"2023-09-19T08:42:47","guid":{"rendered":"https:\/\/hmh.org\/?post_type=tribe_events&#038;p=51406"},"modified":"2025-12-08T05:11:13","modified_gmt":"2025-12-08T11:11:13","slug":"el-genocidio-armenio-y-el-holocausto-un-hombre-levanta-la-voz","status":"publish","type":"tribe_events","link":"https:\/\/hmh.org\/es\/event\/el-genocidio-armenio-y-el-holocausto-un-hombre-levanta-la-voz\/","title":{"rendered":"El genocidio armenio y el Holocausto: un hombre levanta la voz"},"content":{"rendered":"<p>[et_pb_section fb_built=\u00bb1&#8243; _builder_version=\u00bb4.18.0&#8243; _module_preset=\u00bbdefault\u00bb locked=\u00bboff\u00bb global_colors_info=\u00bb{}\u00bb][et_pb_row _builder_version=\u00bb4.21.0&#8243; _module_preset=\u00bbdefault\u00bb width=\u00bb100%\u00bb max_width=\u00bb100%\u00bb custom_padding=\u00bb0px||0px||false|false\u00bb locked=\u00bboff\u00bb global_colors_info=\u00bb{}\u00bb][et_pb_column type=\u00bb4_4&#8243; _builder_version=\u00bb4.18.0&#8243; _module_preset=\u00bbdefault\u00bb global_colors_info=\u00bb{}\u00bb][et_pb_text _builder_version=\u00bb4.22.1&#8243; _module_preset=\u00bb86455770-bee1-437e-a943-6f643df6ecc0&#8243; global_colors_info=\u00bb{}\u00bb]<\/p>\n<p>Armin T. Wegner, quien fotografi\u00f3 a hombres, mujeres y ni\u00f1os muertos, hambrientos y desamparados durante las atrocidades del Imperio otomano en contra de los armenios durante la Primera Guerra Mundial, no era ni armenio ni jud\u00edo. Era un alem\u00e1n que sirvi\u00f3 como enfermero en el ej\u00e9rcito alem\u00e1n durante la guerra, y no ten\u00eda la intenci\u00f3n de escandalizar u ofender sino de ofrecer una prueba visible del primer genocidio europeo del siglo 20.<\/p>\n<p>Aunque el registro hist\u00f3rico del genocidio armenio, ahora 100 a\u00f1os m\u00e1s tarde, sigue siendo tema de una apasionada discusi\u00f3n, el horror recogido por la obra de Wegner es indiscutible.<\/p>\n<p>M\u00e1s de 60 ilustraciones fotogr\u00e1ficas de su obra son el foco central de una nueva exposici\u00f3n \u201cEl genocidio armenio y el Holocausto: un hombre levanta la voz\u201d (The Armenian Genocide and the Holocaust: One Man Takes a Stand), a partir del 1 de abril de 2015 y abierta al p\u00fablico hasta el 7 de agosto de 2015, en la Laurie and Milton Boniuk Resource Center and Library y el Avrohm I. Wisenberg Multi-Purpose Learning Center en el Morgan Family Center Museo del Holocausto de Houston, 5401 Caroline St. en el Distrito de Museos de Houston.<\/p>\n<p>La entrada general al museo, que incluye la exposici\u00f3n, es de $12 para adultos no miembros, y $8 para personas mayores y miembros del ej\u00e9rcito en servicio activo, y es gratis para estudiantes y miembros del museo.<\/p>\n<p>Aunque existe evidencia de que las atrocidades del Imperio otom\u00e1n pudieron haber comenzado desde el siglo 19, abril de 1915 ha sido reconocido por mucho tiempo por muchos acad\u00e9micos como el comienzo de la aniquilaci\u00f3n sistem\u00e1tica del Gobierno otom\u00e1n de su poblaci\u00f3n civil armenia. Las persecuciones continuaron con una variaci\u00f3n en la intensidad hasta 1923 cuando dej\u00f3 de existir el Imperio otom\u00e1n y fue reemplazado por la Rep\u00fablica de Turqu\u00eda.<\/p>\n<p>Turqu\u00eda contin\u00faa debatiendo su papel y el uso del t\u00e9rmino \u201cgenocidio\u201d para describir las masacres. Sin embargo, hacia 2014 m\u00e1s de 22 pa\u00edses y 43 de los 50 estados de los Estados Unidos han declarado esos actos como \u201cgenocidio\u201d. M\u00e1s de 126 acad\u00e9micos principales del Holocausto han instado a las democracias occidentales a reconocerlo tambi\u00e9n, de acuerdo a la Asociaci\u00f3n Internacional de Acad\u00e9micos del Genocidio.<\/p>\n<p>Aunque Wegner se arriesg\u00f3 a morir por exponer a los aliados otomanos de su pa\u00eds, tomo numerosas fotos y conserv\u00f3 diarios de la persecuci\u00f3n, deportaci\u00f3n y asesinato de los armenios, una minor\u00eda cristiana. La evidencia indica que de 600,000 a posiblemente m\u00e1s de 1.5 millones de armenios perecieron en Anatolia debido a la ejecuci\u00f3n, inanici\u00f3n, enfermedad, el ambiente hostil y el abuso f\u00edsico, la mayor\u00eda de 1915 a 1916.<\/p>\n<p>Nacido en Alemania, Wegner se enlist\u00f3 como enfermero voluntario durante la Primera Guerra Mundial en el invierno de 1914 a 1915, y fue premiado con la Cruz de Hierro por ayudar a los heridos bajo fuego enemigo. Durante su servicio, escuch\u00f3 rumores de las masacres armenias, y desobedeciendo \u00f3rdenes, llev\u00f3 acabo su propia investigaci\u00f3n. Reuni\u00f3 informaci\u00f3n por medio de notas, apuntes, documentos y cartas, y tom\u00f3 cientos de fotograf\u00edas. Debido a esto, Wegner fue arrestado y enviado de regreso a Alemania, pero pudo traer con \u00e9l emulsiones fotogr\u00e1ficas del genocidio armenio escondidas en su cintur\u00f3n. Muchas de estas estar\u00e1n a la muestra durante la exposici\u00f3n.<\/p>\n<p>Wegner tambi\u00e9n fue uno de los primeros en protestar el trato de Hitler a los jud\u00edos en Alemania. Fue arrestado por la Gestapo en 1933 por enviar cartas a Hitler en las que protestaba por el boicot organizado por el estado en contra del pueblo jud\u00edo. Fue encarcelado en siete campos de concentraci\u00f3n y prisiones nazis antes de escapar a Italia.<\/p>\n<p>Wegner dedic\u00f3 gran parte de su vida a luchar por los derechos humanos de armenios y jud\u00edos. En 1967 fue premiado con el nombramiento \u201cJusto entre las naciones\u201d de parte del Museo del Holocausto Israel\u00ed Yad Vashem y, en 1968, fue premiado con la \u201cOrden de San Gregorio el iluminador\u201d de parte de Armenia. La tragedia del pueblo armenio, de la cual fue testigo ocular, lo persigui\u00f3 por el resto de su vida. Hasta su muerte en 1978, sigui\u00f3 siendo un hombre de bien luchando por la conciencia social y los derechos humanos. En 1996, despu\u00e9s de establecerse una Armenia independiente, sus cenizas fueron reingresadas en el nuevo estado.<\/p>\n<p>La exposici\u00f3n viaja gracias a la Armin T. Wegner Society en los Estados Unidos y se presenta con un especial agradecimiento a United Airlines, aerol\u00ednea oficial del Museo del Holocausto de Houston, el Armenian National Committee of America, Western Region y la Armenian Relief Society.<\/p>\n<p>El Museo del Holocausto de Houston est\u00e1 dedicado a educar a las personas acerca del Holocausto, recordando los 6 millones de jud\u00edos y otras v\u00edctimas inocentes y honrando el legado de los supervivientes. Por medio de las lecciones del Holocausto y de otros genocidios, el museo ense\u00f1a sobre los peligros del odio, el prejuicio y la apat\u00eda.<\/p>\n<p>El Morgan Family Center del Museo del Holocausto de Houston est\u00e1 ubicado en el Distrito de Museos de Houston en 5401 Caroline St., Houston, TX 77004. Para m\u00e1s informaci\u00f3n sobre el museo, llame al 713-942-8000 o visite www.hmh.org.<\/p>\n<p><strong>Recursos<\/strong><br \/><a href=\"https:\/\/www.armin-t-wegner.us\/\" target=\"_blank\" rel=\"noopener\">The Armin T. Wegner Society, USA<\/a><\/p>\n<p>[\/et_pb_text][\/et_pb_column][\/et_pb_row][\/et_pb_section]<\/p>\n","protected":false},"excerpt":{"rendered":"<p>Armin T. Wegner, quien fotografi\u00f3 a hombres, mujeres y ni\u00f1os muertos, hambrientos y desamparados durante las atrocidades del Imperio otomano en contra de los armenios durante la Primera Guerra Mundial, [&hellip;]<\/p>\n","protected":false},"author":1,"featured_media":51408,"template":"","meta":{"_acf_changed":false,"_et_pb_use_builder":"on","_et_pb_old_content":"","_et_gb_content_width":"","inline_featured_image":false,"_tribe_events_status":"","_tribe_events_status_reason":"","_tribe_events_is_hybrid":"","_tribe_events_is_virtual":"","_tribe_events_virtual_video_source":"","_tribe_events_virtual_embed_video":"","_tribe_events_virtual_linked_button_text":"","_tribe_events_virtual_linked_button":"","_tribe_events_virtual_show_embed_at":"","_tribe_events_virtual_show_embed_to":[],"_tribe_events_virtual_show_on_event":"","_tribe_events_virtual_show_on_views":"","_tribe_events_virtual_url":"","footnotes":""},"tags":[],"exhibitions_type":[],"tribe_events_cat":[162],"class_list":["post-51406","tribe_events","type-tribe_events","status-publish","has-post-thumbnail","hentry","tribe_events_cat-exposiciones","cat_exposiciones"],"acf":[],"_links":{"self":[{"href":"https:\/\/hmh.org\/es\/wp-json\/wp\/v2\/tribe_events\/51406","targetHints":{"allow":["GET"]}}],"collection":[{"href":"https:\/\/hmh.org\/es\/wp-json\/wp\/v2\/tribe_events"}],"about":[{"href":"https:\/\/hmh.org\/es\/wp-json\/wp\/v2\/types\/tribe_events"}],"author":[{"embeddable":true,"href":"https:\/\/hmh.org\/es\/wp-json\/wp\/v2\/users\/1"}],"version-history":[{"count":0,"href":"https:\/\/hmh.org\/es\/wp-json\/wp\/v2\/tribe_events\/51406\/revisions"}],"wp:featuredmedia":[{"embeddable":true,"href":"https:\/\/hmh.org\/es\/wp-json\/wp\/v2\/media\/51408"}],"wp:attachment":[{"href":"https:\/\/hmh.org\/es\/wp-json\/wp\/v2\/media?parent=51406"}],"wp:term":[{"taxonomy":"post_tag","embeddable":true,"href":"https:\/\/hmh.org\/es\/wp-json\/wp\/v2\/tags?post=51406"},{"taxonomy":"exhibitions_type","embeddable":true,"href":"https:\/\/hmh.org\/es\/wp-json\/wp\/v2\/exhibitions_type?post=51406"},{"taxonomy":"tribe_events_cat","embeddable":true,"href":"https:\/\/hmh.org\/es\/wp-json\/wp\/v2\/tribe_events_cat?post=51406"}],"curies":[{"name":"wp","href":"https:\/\/api.w.org\/{rel}","templated":true}]}}