{"id":51314,"date":"2023-09-19T00:55:06","date_gmt":"2023-09-19T05:55:06","guid":{"rendered":"https:\/\/hmh.org\/?post_type=tribe_events&#038;p=51314"},"modified":"2023-09-28T06:43:06","modified_gmt":"2023-09-28T11:43:06","slug":"sarah-wiernicki-arte-para-mi-abuelo","status":"publish","type":"tribe_events","link":"https:\/\/hmh.org\/es\/event\/sarah-wiernicki-arte-para-mi-abuelo\/","title":{"rendered":"Sarah Wiernicki: arte para mi abuelo"},"content":{"rendered":"<p>[et_pb_section fb_built=\u00bb1&#8243; _builder_version=\u00bb4.18.0&#8243; _module_preset=\u00bbdefault\u00bb locked=\u00bboff\u00bb global_colors_info=\u00bb{}\u00bb][et_pb_row _builder_version=\u00bb4.21.0&#8243; _module_preset=\u00bbdefault\u00bb width=\u00bb100%\u00bb max_width=\u00bb100%\u00bb custom_padding=\u00bb0px||0px||false|false\u00bb locked=\u00bboff\u00bb global_colors_info=\u00bb{}\u00bb][et_pb_column type=\u00bb4_4&#8243; _builder_version=\u00bb4.18.0&#8243; _module_preset=\u00bbdefault\u00bb global_colors_info=\u00bb{}\u00bb][et_pb_code _builder_version=\u00bb4.22.2&#8243; _module_preset=\u00bbdefault\u00bb module_class=\u00bbvideo_slide_code\u00bb hover_enabled=\u00bb0&#8243; sticky_enabled=\u00bb0&#8243; locked=\u00bboff\u00bb]\t\t<div id=\"image_gallery_53281\" class=\"row all-images\">\n\t\t\t<div class=\"slider-pro\" id=\"my-slider-53281\">\n\t\t\t\t<div class=\"sp-slides\">\n\t\t\t\t\t\t\t\t\t\t\t\t<div class=\"sp-slide\">\n\t\t\t\t\t\t\t\t\t\t\t\t\t\t\t\t\t<img decoding=\"async\" class=\"sp-image\" src=\"https:\/\/hmh.org\/wp-content\/plugins\/media-slider\/css\/images\/blank.gif\"\n\t\t\t\t\t\t\t\t\t\tdata-src=\"https:\/\/hmh.org\/wp-content\/uploads\/image.png-456x352-q85-subsampling-2-upscale-2.jpg\" data-small=\"https:\/\/hmh.org\/wp-content\/uploads\/image.png-456x352-q85-subsampling-2-upscale-2.jpg\"\n\t\t\t\t\t\t\t\t\t\tdata-medium=\"https:\/\/hmh.org\/wp-content\/uploads\/image.png-456x352-q85-subsampling-2-upscale-2.jpg\" data-large=\"https:\/\/hmh.org\/wp-content\/uploads\/image.png-456x352-q85-subsampling-2-upscale-2.jpg\"\n\t\t\t\t\t\t\t\t\t\tdata-retina=\"https:\/\/hmh.org\/wp-content\/uploads\/image.png-456x352-q85-subsampling-2-upscale-2.jpg\" \/>\n\n\t\t\t\t\t\t\t\t\t\t\t\t\t\t\t\t\t\t\t<p class=\"sp-layer sp-white sp-padding\" align=\"center\"\n\t\t\t\t\t\t\t\t\t\t\tdata-position=\"bottom\"\n\t\t\t\t\t\t\t\t\t\t\tdata-vertical=\"35\" data-horizontal=\"10\"\n\t\t\t\t\t\t\t\t\t\t\tdata-show-delay=\"500\">\n\t\t\t\t\t\t\t\t\t\t\t\t\t\t\t\t\t\t\t\t\t\t\t<span class=\"title-css\">\n\t\t\t\t\t\t\t\t\t\t\t\t\tThe shoes in this drawing represent the infamous pile of shoes at Auschwitz, where Sarah\u2019s grandfather was a prisoner f The shoes in this drawing represent the infamous pile of shoes at Auschwitz, where Sarah\u2019s grandfather was a prisoner for 15 months. His prisoner number, 150302, is faded in the background. Courtesy, Sarah Wiernicki\t\t\t\t\t\t\t\t\t\t\t\t<\/span><br>\n\t\t\t\t\t\t\t\t\t\t\t\t\t\t\t\t\t\t\t\t\t\t\t\t\t\t\t\t\t\t\t\t<\/p>\n\t\t\t\t\t\t\t\t\t\n\t\t\t\t\t\t\t\t\t\t\t\t\t\t\t\t\t\t\t<p class=\"sp-caption\"><span class=\"caption-css\">\n\t\t\t\t\t\t\t\t\t\t\t\tThe shoes in this drawing represent the infamous pile of shoes at Auschwitz, where Sarah\u2019s grandfather was a prisoner f The shoes in this drawing represent the infamous pile of shoes at Auschwitz, where Sarah\u2019s grandfather was a prisoner for 15 months. His prisoner number, 150302, is faded in the background. Courtesy, Sarah Wiernicki\t\t\t\t\t\t\t\t\t\t\t<\/span><\/p>\n\t\t\t\t\t\t\t\t\t\t\t\t\t\t\t\t\t\t\t\t\t\t\t\t\t\t\t\t\t\t\t\t<\/div>\n\t\t\t\t\t\t\t\t\t\t\t\t\t\t<div class=\"sp-slide\">\n\t\t\t\t\t\t\t\t\t\t\t\t\t\t\t\t\t<img decoding=\"async\" class=\"sp-image\" src=\"https:\/\/hmh.org\/wp-content\/plugins\/media-slider\/css\/images\/blank.gif\"\n\t\t\t\t\t\t\t\t\t\tdata-src=\"https:\/\/hmh.org\/wp-content\/uploads\/image.png-456x365-q85-subsampling-2-upscale-5.jpg\" data-small=\"https:\/\/hmh.org\/wp-content\/uploads\/image.png-456x365-q85-subsampling-2-upscale-5.jpg\"\n\t\t\t\t\t\t\t\t\t\tdata-medium=\"https:\/\/hmh.org\/wp-content\/uploads\/image.png-456x365-q85-subsampling-2-upscale-5.jpg\" data-large=\"https:\/\/hmh.org\/wp-content\/uploads\/image.png-456x365-q85-subsampling-2-upscale-5.jpg\"\n\t\t\t\t\t\t\t\t\t\tdata-retina=\"https:\/\/hmh.org\/wp-content\/uploads\/image.png-456x365-q85-subsampling-2-upscale-5.jpg\" \/>\n\n\t\t\t\t\t\t\t\t\t\t\t\t\t\t\t\t\t\t\t<p class=\"sp-layer sp-white sp-padding\" align=\"center\"\n\t\t\t\t\t\t\t\t\t\t\tdata-position=\"bottom\"\n\t\t\t\t\t\t\t\t\t\t\tdata-vertical=\"35\" data-horizontal=\"10\"\n\t\t\t\t\t\t\t\t\t\t\tdata-show-delay=\"500\">\n\t\t\t\t\t\t\t\t\t\t\t\t\t\t\t\t\t\t\t\t\t\t\t<span class=\"title-css\">\n\t\t\t\t\t\t\t\t\t\t\t\t\t\u00abImprisonment\u00bb is a drawing of Sarah\u2019s grandfather, John Wiernicki, as a child. The barbed wire symbolizes the restrictiveness of his childhood and young adult life as a prisoner. Courtesy, Sarah Wiernicki\t\t\t\t\t\t\t\t\t\t\t\t<\/span><br>\n\t\t\t\t\t\t\t\t\t\t\t\t\t\t\t\t\t\t\t\t\t\t\t\t\t\t\t\t\t\t\t\t<\/p>\n\t\t\t\t\t\t\t\t\t\n\t\t\t\t\t\t\t\t\t\t\t\t\t\t\t\t\t\t\t<p class=\"sp-caption\"><span class=\"caption-css\">\n\t\t\t\t\t\t\t\t\t\t\t\t\u00abImprisonment\u00bb is a drawing of Sarah\u2019s grandfather, John Wiernicki, as a child. The barbed wire symbolizes the restrictiveness of his childhood and young adult life as a prisoner. Courtesy, Sarah Wiernicki\t\t\t\t\t\t\t\t\t\t\t<\/span><\/p>\n\t\t\t\t\t\t\t\t\t\t\t\t\t\t\t\t\t\t\t\t\t\t\t\t\t\t\t\t\t\t\t\t<\/div>\n\t\t\t\t\t\t\t\t\t\t\t\t\t\t<div class=\"sp-slide\">\n\t\t\t\t\t\t\t\t\t\t\t\t\t\t\t\t\t<img decoding=\"async\" class=\"sp-image\" src=\"https:\/\/hmh.org\/wp-content\/plugins\/media-slider\/css\/images\/blank.gif\"\n\t\t\t\t\t\t\t\t\t\tdata-src=\"https:\/\/hmh.org\/wp-content\/uploads\/image.png-456x346-q85-subsampling-2-upscale-2.jpg\" data-small=\"https:\/\/hmh.org\/wp-content\/uploads\/image.png-456x346-q85-subsampling-2-upscale-2.jpg\"\n\t\t\t\t\t\t\t\t\t\tdata-medium=\"https:\/\/hmh.org\/wp-content\/uploads\/image.png-456x346-q85-subsampling-2-upscale-2.jpg\" data-large=\"https:\/\/hmh.org\/wp-content\/uploads\/image.png-456x346-q85-subsampling-2-upscale-2.jpg\"\n\t\t\t\t\t\t\t\t\t\tdata-retina=\"https:\/\/hmh.org\/wp-content\/uploads\/image.png-456x346-q85-subsampling-2-upscale-2.jpg\" \/>\n\n\t\t\t\t\t\t\t\t\t\t\t\t\t\t\t\t\t\t\t<p class=\"sp-layer sp-white sp-padding\" align=\"center\"\n\t\t\t\t\t\t\t\t\t\t\tdata-position=\"bottom\"\n\t\t\t\t\t\t\t\t\t\t\tdata-vertical=\"35\" data-horizontal=\"10\"\n\t\t\t\t\t\t\t\t\t\t\tdata-show-delay=\"500\">\n\t\t\t\t\t\t\t\t\t\t\t\t\t\t\t\t\t\t\t\t\t\t\t<span class=\"title-css\">\n\t\t\t\t\t\t\t\t\t\t\t\t\tSarah Wiernicki\u2019s grandfather, John Wiernicki, was a member of the Polish Resistance. This drawing entitled \u00abHidden\u00bb captures the emotions and conflicts during his experiences of hiding in the forest from the Nazis. Courtesy, Sarah Wiernicki\t\t\t\t\t\t\t\t\t\t\t\t<\/span><br>\n\t\t\t\t\t\t\t\t\t\t\t\t\t\t\t\t\t\t\t\t\t\t\t\t\t\t\t\t\t\t\t\t<\/p>\n\t\t\t\t\t\t\t\t\t\n\t\t\t\t\t\t\t\t\t\t\t\t\t\t\t\t\t\t\t<p class=\"sp-caption\"><span class=\"caption-css\">\n\t\t\t\t\t\t\t\t\t\t\t\tSarah Wiernicki\u2019s grandfather, John Wiernicki, was a member of the Polish Resistance. This drawing entitled \u00abHidden\u00bb captures the emotions and conflicts during his experiences of hiding in the forest from the Nazis. Courtesy, Sarah Wiernicki\t\t\t\t\t\t\t\t\t\t\t<\/span><\/p>\n\t\t\t\t\t\t\t\t\t\t\t\t\t\t\t\t\t\t\t\t\t\t\t\t\t\t\t\t\t\t\t\t<\/div>\n\t\t\t\t\t\t\t\t\t\t\t<\/div>\n\t\t\t\t\t\t\t<\/div>\n\t\t<\/div>\n\t\t<style>\n\t.title-css {\n\t\tfont-size: 18px;\n\t\tfont-weight: bolder;\n\t\ttext-transform: uppercase;\n\t}\n\n\t.desc-css {\n\t\tfont-size: 16px;\n\t}\n\n\t.caption-css {\n\t\tfont-size: 16px;\n\t\tfont-weight: bolder;\n\t\ttext-transform: uppercase;\n\t}\n\n\ta.sp-video:after {\n\t\tbox-sizing: unset;\n\t}\n\n\t<\/style>\n<script type=\"application\/javascript\">\n\tjQuery(document).ready(function (jQuery) {\n\t\tjQuery(\"#my-slider-53281\").sliderPro({\n\t\t\twidth: 960,\n\t\t\theight: 540,\n\t\t\t\/\/Slide\n\t\t\tcenterImage: true,\n\t\t\tallowScaleUp: true,\n\t\t\tautoSlideSize: false,\n\t\t\tautoHeight: true,\n\t\t\tshuffle: false,\n\t\t\tloop: true,\n\t\t\tvisibleSize: 'auto',\n\t\t\twaitForLayers: false,\n\t\t\tautoScaleLayers: true,\n\t\t\t\/\/Auto\n\t\t\tautoplay: false,\n\t\t\tautoplayDelay: 5000,\n\t\t\tautoplayOnHover: 'pause',\n\t\t\t\/\/Navigation\n\t\t\tarrows: true,\n\t\t\tfadeArrows: false,\n\t\t\tbuttons: false,\n\t\t\tkeyboard: false,\n\t\t\tfullScreen: false,\n\t\t\tfadeFullScreen: false,\n\t\t\t\/\/Video\n\t\t\tplayVideoAction: 'stopAutoplay',\n\t\t\tpauseVideoAction: 'none',\n\t\t\t\/\/Thumbnails\n\t\t\tthumbnailWidth: 200,\n\t\t\tthumbnailHeight: 100,\n\t\t\tthumbnailsPosition: 'top',\n\t\t\tthumbnailArrows: true,\n\t\t\tfadeThumbnailArrows: false,\n\t\t\tthumbnailTouchSwipe: true\t\t});\n\t});\n<\/script>[\/et_pb_code][et_pb_text _builder_version=\u00bb4.22.1&#8243; _module_preset=\u00bb86455770-bee1-437e-a943-6f643df6ecc0&#8243; global_colors_info=\u00bb{}\u00bb]La expresi\u00f3n creativa de la nieta de 18 a\u00f1os de un partidario polaco no jud\u00edo y prisionero pol\u00edtico es el centro de una nueva exposici\u00f3n en el Museo del Holocausto de Houston.<\/p>\n<p>En exhibici\u00f3n hasta el 31 de diciembre de 2009, \u201cSarah Wiernicki: arte de mi abuelo\u201d, es la obra de la artista local Sarah Wiernicki, quien fue inspirada por la vida de su abuelo como luchador de la resistencia polaca y sus experiencias posteriores en los campos de exterminio de Auschwitz-Birkenau y Buchenwald-Ohrdruf.<\/p>\n<p>En 1943, el luchador clandestino polaco John Wiernicki fue capturado y golpeado por la Gestapo, y luego enviado a Auschwitz. En su escalofriante memoria, Wiernicki m\u00e1s tarde describi\u00f3 la \u201cvida\u201d en el infame campo de la muerte y su lucha por sobrevivir, f\u00edsica y moralmente, frente al mal absoluto.<\/p>\n<p>En 2006, viaj\u00f3 a Auschwitz con su abuelo, y juntos caminaron bajo la infame puerta de acero resistiendo las palabras de Arbeit Macht Frei. \u201cEl momento m\u00e1s intenso de mi viaje fue cuando la realidad de mi abuelo se convirti\u00f3 en mi realidad\u201d afirm\u00f3. Fue ah\u00ed cuando entendi\u00f3 hasta qu\u00e9 punto su herencia polaca fue tan importante para definir su identidad.<\/p>\n<p>Una imagen de la retrospectiva de Sarah Wiernicki de su experiencia llamada \u201cEscondida\u201d representa un periodo en el que su abuelo estaba escondido en el bosque. Esta imagen la hizo ganadora de una beca de Culture Shapers en Houston. Su imagen de \u201cLos zapatos\u201d gan\u00f3 el segundo lugar y una beca en el Woodlands Waterway Festival en la categor\u00eda de t\u00e9cnica mixta.<\/p>\n<p>La exposici\u00f3n, abierta al p\u00fablico en el Centro de Recursos y Biblioteca Laurie y Milton Boniuk, incluye seis piezas de la obra de Sarah Wiernicki. El horario es de 10 a. m. a 5 p. m. de lunes a viernes. La biblioteca est\u00e1 cerrada s\u00e1bados y domingos. La entrada es gratuita.<\/p>\n<p>Sarah Wiernicki se gradu\u00f3 recientemente de la John Cooper School en The Woodlands. En el oto\u00f1o asistir\u00e1 a la Universidad Carnegie Mellon. John Wiernicki, un artista que ahora vive en Maryland, es autor del libro \u201cGuerra en la sombra de Auschwitz: recuerdos de un luchador de la resistencia polaca y superviviente de los campos de la muerte\u201d. Don\u00f3 una copia autografiada al museo durante la recepci\u00f3n de apertura de la exposici\u00f3n.[\/et_pb_text][\/et_pb_column][\/et_pb_row][\/et_pb_section]<\/p>\n","protected":false},"excerpt":{"rendered":"<p>[et_pb_section fb_built=\u00bb1&#8243; _builder_version=\u00bb4.18.0&#8243; _module_preset=\u00bbdefault\u00bb locked=\u00bboff\u00bb global_colors_info=\u00bb{}\u00bb][et_pb_row _builder_version=\u00bb4.21.0&#8243; _module_preset=\u00bbdefault\u00bb width=\u00bb100%\u00bb max_width=\u00bb100%\u00bb custom_padding=\u00bb0px||0px||false|false\u00bb locked=\u00bboff\u00bb global_colors_info=\u00bb{}\u00bb][et_pb_column type=\u00bb4_4&#8243; _builder_version=\u00bb4.18.0&#8243; _module_preset=\u00bbdefault\u00bb global_colors_info=\u00bb{}\u00bb][et_pb_code _builder_version=\u00bb4.22.2&#8243; _module_preset=\u00bbdefault\u00bb module_class=\u00bbvideo_slide_code\u00bb hover_enabled=\u00bb0&#8243; sticky_enabled=\u00bb0&#8243; locked=\u00bboff\u00bb][\/et_pb_code][et_pb_text _builder_version=\u00bb4.22.1&#8243; _module_preset=\u00bb86455770-bee1-437e-a943-6f643df6ecc0&#8243; global_colors_info=\u00bb{}\u00bb]La expresi\u00f3n creativa de la [&hellip;]<\/p>\n","protected":false},"author":1,"featured_media":0,"template":"","meta":{"_acf_changed":false,"_et_pb_use_builder":"on","_et_pb_old_content":"","_et_gb_content_width":"","inline_featured_image":false,"_tribe_events_status":"","_tribe_events_status_reason":"","_tribe_events_is_hybrid":"","_tribe_events_is_virtual":"","_tribe_events_virtual_video_source":"","_tribe_events_virtual_embed_video":"","_tribe_events_virtual_linked_button_text":"","_tribe_events_virtual_linked_button":"","_tribe_events_virtual_show_embed_at":"","_tribe_events_virtual_show_embed_to":[],"_tribe_events_virtual_show_on_event":"","_tribe_events_virtual_show_on_views":"","_tribe_events_virtual_url":"","footnotes":""},"tags":[],"exhibitions_type":[],"tribe_events_cat":[162],"class_list":["post-51314","tribe_events","type-tribe_events","status-publish","hentry","tribe_events_cat-exposiciones"],"acf":[],"_links":{"self":[{"href":"https:\/\/hmh.org\/es\/wp-json\/wp\/v2\/tribe_events\/51314","targetHints":{"allow":["GET"]}}],"collection":[{"href":"https:\/\/hmh.org\/es\/wp-json\/wp\/v2\/tribe_events"}],"about":[{"href":"https:\/\/hmh.org\/es\/wp-json\/wp\/v2\/types\/tribe_events"}],"author":[{"embeddable":true,"href":"https:\/\/hmh.org\/es\/wp-json\/wp\/v2\/users\/1"}],"version-history":[{"count":0,"href":"https:\/\/hmh.org\/es\/wp-json\/wp\/v2\/tribe_events\/51314\/revisions"}],"wp:attachment":[{"href":"https:\/\/hmh.org\/es\/wp-json\/wp\/v2\/media?parent=51314"}],"wp:term":[{"taxonomy":"post_tag","embeddable":true,"href":"https:\/\/hmh.org\/es\/wp-json\/wp\/v2\/tags?post=51314"},{"taxonomy":"exhibitions_type","embeddable":true,"href":"https:\/\/hmh.org\/es\/wp-json\/wp\/v2\/exhibitions_type?post=51314"},{"taxonomy":"tribe_events_cat","embeddable":true,"href":"https:\/\/hmh.org\/es\/wp-json\/wp\/v2\/tribe_events_cat?post=51314"}],"curies":[{"name":"wp","href":"https:\/\/api.w.org\/{rel}","templated":true}]}}