{"id":51229,"date":"2023-09-18T23:22:34","date_gmt":"2023-09-19T04:22:34","guid":{"rendered":"https:\/\/hmh.org\/?post_type=tribe_events&#038;p=51229"},"modified":"2025-12-08T05:19:19","modified_gmt":"2025-12-08T11:19:19","slug":"etica-medica-y-el-holocausto-como-la-curacion-se-convierte-en-asesinato-eugenesia-eutanasia-y-exterminio","status":"publish","type":"tribe_events","link":"https:\/\/hmh.org\/es\/event\/etica-medica-y-el-holocausto-como-la-curacion-se-convierte-en-asesinato-eugenesia-eutanasia-y-exterminio\/","title":{"rendered":"\u00c9tica m\u00e9dica y el Holocausto c\u00f3mo la curaci\u00f3n se convierte en asesinato: eugenesia, eutanasia y exterminio"},"content":{"rendered":"<p>[et_pb_section fb_built=\u00bb1&#8243; _builder_version=\u00bb4.18.0&#8243; _module_preset=\u00bbdefault\u00bb locked=\u00bboff\u00bb global_colors_info=\u00bb{}\u00bb][et_pb_row _builder_version=\u00bb4.21.0&#8243; _module_preset=\u00bbdefault\u00bb width=\u00bb100%\u00bb max_width=\u00bb100%\u00bb custom_padding=\u00bb0px||0px||false|false\u00bb locked=\u00bboff\u00bb global_colors_info=\u00bb{}\u00bb][et_pb_column type=\u00bb4_4&#8243; _builder_version=\u00bb4.18.0&#8243; _module_preset=\u00bbdefault\u00bb global_colors_info=\u00bb{}\u00bb][et_pb_code module_class=\u00bbvideo_slide_code\u00bb _builder_version=\u00bb4.22.2&#8243; _module_preset=\u00bbdefault\u00bb locked=\u00bboff\u00bb global_colors_info=\u00bb{}\u00bb]\t\t<div id=\"image_gallery_53268\" class=\"row all-images\">\n\t\t\t<div class=\"slider-pro\" id=\"my-slider-53268\">\n\t\t\t\t<div class=\"sp-slides\">\n\t\t\t\t\t\t\t\t\t\t\t\t<div class=\"sp-slide\">\n\t\t\t\t\t\t\t\t\t\t\t\t\t\t\t\t\t<img decoding=\"async\" class=\"sp-image\" src=\"https:\/\/hmh.org\/wp-content\/plugins\/media-slider\/css\/images\/blank.gif\"\n\t\t\t\t\t\t\t\t\t\tdata-src=\"https:\/\/hmh.org\/wp-content\/uploads\/image.png-456x302-q85-subsampling-2-upscale-4.jpg\" data-small=\"https:\/\/hmh.org\/wp-content\/uploads\/image.png-456x302-q85-subsampling-2-upscale-4.jpg\"\n\t\t\t\t\t\t\t\t\t\tdata-medium=\"https:\/\/hmh.org\/wp-content\/uploads\/image.png-456x302-q85-subsampling-2-upscale-4.jpg\" data-large=\"https:\/\/hmh.org\/wp-content\/uploads\/image.png-456x302-q85-subsampling-2-upscale-4.jpg\"\n\t\t\t\t\t\t\t\t\t\tdata-retina=\"https:\/\/hmh.org\/wp-content\/uploads\/image.png-456x302-q85-subsampling-2-upscale-4.jpg\" \/>\n\n\t\t\t\t\t\t\t\t\t\t\t\t\t\t\t\t\t\t\t<p class=\"sp-layer sp-white sp-padding\" align=\"center\"\n\t\t\t\t\t\t\t\t\t\t\tdata-position=\"bottom\"\n\t\t\t\t\t\t\t\t\t\t\tdata-vertical=\"35\" data-horizontal=\"10\"\n\t\t\t\t\t\t\t\t\t\t\tdata-show-delay=\"500\">\n\t\t\t\t\t\t\t\t\t\t\t\t\t\t\t\t\t\t\t\t\t\t\t<span class=\"title-css\">\n\t\t\t\t\t\t\t\t\t\t\t\t\tThe prison building in Brandenburg, used for \u00abeuthanasia\u00bb killings in 1940. Courtesy: Museum in Frey-Haus, Brandenburg\t\t\t\t\t\t\t\t\t\t\t\t<\/span><br>\n\t\t\t\t\t\t\t\t\t\t\t\t\t\t\t\t\t\t\t\t\t\t\t\t\t\t\t\t\t\t\t\t<\/p>\n\t\t\t\t\t\t\t\t\t\n\t\t\t\t\t\t\t\t\t\t\t\t\t\t\t\t\t\t\t<p class=\"sp-caption\"><span class=\"caption-css\">\n\t\t\t\t\t\t\t\t\t\t\t\tThe prison building in Brandenburg, used for \u00abeuthanasia\u00bb killings in 1940. Courtesy: Museum in Frey-Haus, Brandenburg\t\t\t\t\t\t\t\t\t\t\t<\/span><\/p>\n\t\t\t\t\t\t\t\t\t\t\t\t\t\t\t\t\t\t\t\t\t\t\t\t\t\t\t\t\t\t\t\t<\/div>\n\t\t\t\t\t\t\t\t\t\t\t\t\t\t<div class=\"sp-slide\">\n\t\t\t\t\t\t\t\t\t\t\t\t\t\t\t\t\t<img decoding=\"async\" class=\"sp-image\" src=\"https:\/\/hmh.org\/wp-content\/plugins\/media-slider\/css\/images\/blank.gif\"\n\t\t\t\t\t\t\t\t\t\tdata-src=\"https:\/\/hmh.org\/wp-content\/uploads\/image.png-456x651-q85-subsampling-2-upscale-5.jpg\" data-small=\"https:\/\/hmh.org\/wp-content\/uploads\/image.png-456x651-q85-subsampling-2-upscale-5.jpg\"\n\t\t\t\t\t\t\t\t\t\tdata-medium=\"https:\/\/hmh.org\/wp-content\/uploads\/image.png-456x651-q85-subsampling-2-upscale-5.jpg\" data-large=\"https:\/\/hmh.org\/wp-content\/uploads\/image.png-456x651-q85-subsampling-2-upscale-5.jpg\"\n\t\t\t\t\t\t\t\t\t\tdata-retina=\"https:\/\/hmh.org\/wp-content\/uploads\/image.png-456x651-q85-subsampling-2-upscale-5.jpg\" \/>\n\n\t\t\t\t\t\t\t\t\t\t\t\t\t\t\t\t\t\t\t<p class=\"sp-layer sp-white sp-padding\" align=\"center\"\n\t\t\t\t\t\t\t\t\t\t\tdata-position=\"bottom\"\n\t\t\t\t\t\t\t\t\t\t\tdata-vertical=\"35\" data-horizontal=\"10\"\n\t\t\t\t\t\t\t\t\t\t\tdata-show-delay=\"500\">\n\t\t\t\t\t\t\t\t\t\t\t\t\t\t\t\t\t\t\t\t\t\t\t<span class=\"title-css\">\n\t\t\t\t\t\t\t\t\t\t\t\t\tNazi propaganda poster promoting \u00abracial hygiene.\u00bb Nazi propaganda poster promoting \u00abracial hygiene.\u00bb\t\t\t\t\t\t\t\t\t\t\t\t<\/span><br>\n\t\t\t\t\t\t\t\t\t\t\t\t\t\t\t\t\t\t\t\t\t\t\t\t\t\t\t\t\t\t\t\t<\/p>\n\t\t\t\t\t\t\t\t\t\n\t\t\t\t\t\t\t\t\t\t\t\t\t\t\t\t\t\t\t<p class=\"sp-caption\"><span class=\"caption-css\">\n\t\t\t\t\t\t\t\t\t\t\t\tNazi propaganda poster promoting \u00abracial hygiene.\u00bb Nazi propaganda poster promoting \u00abracial hygiene.\u00bb\t\t\t\t\t\t\t\t\t\t\t<\/span><\/p>\n\t\t\t\t\t\t\t\t\t\t\t\t\t\t\t\t\t\t\t\t\t\t\t\t\t\t\t\t\t\t\t\t<\/div>\n\t\t\t\t\t\t\t\t\t\t\t\t\t\t<div class=\"sp-slide\">\n\t\t\t\t\t\t\t\t\t\t\t\t\t\t\t\t\t<img decoding=\"async\" class=\"sp-image\" src=\"https:\/\/hmh.org\/wp-content\/plugins\/media-slider\/css\/images\/blank.gif\"\n\t\t\t\t\t\t\t\t\t\tdata-src=\"https:\/\/hmh.org\/wp-content\/uploads\/image.png-456x626-q85-subsampling-2-upscale-4.jpg\" data-small=\"https:\/\/hmh.org\/wp-content\/uploads\/image.png-456x626-q85-subsampling-2-upscale-4.jpg\"\n\t\t\t\t\t\t\t\t\t\tdata-medium=\"https:\/\/hmh.org\/wp-content\/uploads\/image.png-456x626-q85-subsampling-2-upscale-4.jpg\" data-large=\"https:\/\/hmh.org\/wp-content\/uploads\/image.png-456x626-q85-subsampling-2-upscale-4.jpg\"\n\t\t\t\t\t\t\t\t\t\tdata-retina=\"https:\/\/hmh.org\/wp-content\/uploads\/image.png-456x626-q85-subsampling-2-upscale-4.jpg\" \/>\n\n\t\t\t\t\t\t\t\t\t\t\t\t\t\t\t\t\t\t\t<p class=\"sp-layer sp-white sp-padding\" align=\"center\"\n\t\t\t\t\t\t\t\t\t\t\tdata-position=\"bottom\"\n\t\t\t\t\t\t\t\t\t\t\tdata-vertical=\"35\" data-horizontal=\"10\"\n\t\t\t\t\t\t\t\t\t\t\tdata-show-delay=\"500\">\n\t\t\t\t\t\t\t\t\t\t\t\t\t\t\t\t\t\t\t\t\t\t\t<span class=\"title-css\">\n\t\t\t\t\t\t\t\t\t\t\t\t\tGas chamber of the killing institution Pirna-Sonnenstein. Courtesy of the Memorial Site Pirna-Sonnenstein\/Photographer Juergen Loesel\t\t\t\t\t\t\t\t\t\t\t\t<\/span><br>\n\t\t\t\t\t\t\t\t\t\t\t\t\t\t\t\t\t\t\t\t\t\t\t\t\t\t\t\t\t\t\t\t<\/p>\n\t\t\t\t\t\t\t\t\t\n\t\t\t\t\t\t\t\t\t\t\t\t\t\t\t\t\t\t\t<p class=\"sp-caption\"><span class=\"caption-css\">\n\t\t\t\t\t\t\t\t\t\t\t\tGas chamber of the killing institution Pirna-Sonnenstein. Courtesy of the Memorial Site Pirna-Sonnenstein\/Photographer Juergen Loesel\t\t\t\t\t\t\t\t\t\t\t<\/span><\/p>\n\t\t\t\t\t\t\t\t\t\t\t\t\t\t\t\t\t\t\t\t\t\t\t\t\t\t\t\t\t\t\t\t<\/div>\n\t\t\t\t\t\t\t\t\t\t\t\t\t\t<div class=\"sp-slide\">\n\t\t\t\t\t\t\t\t\t\t\t\t\t\t\t\t\t<img decoding=\"async\" class=\"sp-image\" src=\"https:\/\/hmh.org\/wp-content\/plugins\/media-slider\/css\/images\/blank.gif\"\n\t\t\t\t\t\t\t\t\t\tdata-src=\"https:\/\/hmh.org\/wp-content\/uploads\/image.png-456x339-q85-subsampling-2-upscale-2.jpg\" data-small=\"https:\/\/hmh.org\/wp-content\/uploads\/image.png-456x339-q85-subsampling-2-upscale-2.jpg\"\n\t\t\t\t\t\t\t\t\t\tdata-medium=\"https:\/\/hmh.org\/wp-content\/uploads\/image.png-456x339-q85-subsampling-2-upscale-2.jpg\" data-large=\"https:\/\/hmh.org\/wp-content\/uploads\/image.png-456x339-q85-subsampling-2-upscale-2.jpg\"\n\t\t\t\t\t\t\t\t\t\tdata-retina=\"https:\/\/hmh.org\/wp-content\/uploads\/image.png-456x339-q85-subsampling-2-upscale-2.jpg\" \/>\n\n\t\t\t\t\t\t\t\t\t\t\t\t\t\t\t\t\t\t\t<p class=\"sp-layer sp-white sp-padding\" align=\"center\"\n\t\t\t\t\t\t\t\t\t\t\tdata-position=\"bottom\"\n\t\t\t\t\t\t\t\t\t\t\tdata-vertical=\"35\" data-horizontal=\"10\"\n\t\t\t\t\t\t\t\t\t\t\tdata-show-delay=\"500\">\n\t\t\t\t\t\t\t\t\t\t\t\t\t\t\t\t\t\t\t\t\t\t\t<span class=\"title-css\">\n\t\t\t\t\t\t\t\t\t\t\t\t\tHadamar killing center, as smoke rises from the crematorium. Courtesy of the Hadamar Memorial Site.\t\t\t\t\t\t\t\t\t\t\t\t<\/span><br>\n\t\t\t\t\t\t\t\t\t\t\t\t\t\t\t\t\t\t\t\t\t\t\t\t\t\t\t\t\t\t\t\t<\/p>\n\t\t\t\t\t\t\t\t\t\n\t\t\t\t\t\t\t\t\t\t\t\t\t\t\t\t\t\t\t<p class=\"sp-caption\"><span class=\"caption-css\">\n\t\t\t\t\t\t\t\t\t\t\t\tHadamar killing center, as smoke rises from the crematorium. Courtesy of the Hadamar Memorial Site.\t\t\t\t\t\t\t\t\t\t\t<\/span><\/p>\n\t\t\t\t\t\t\t\t\t\t\t\t\t\t\t\t\t\t\t\t\t\t\t\t\t\t\t\t\t\t\t\t<\/div>\n\t\t\t\t\t\t\t\t\t\t\t<\/div>\n\t\t\t\t\t\t\t<\/div>\n\t\t<\/div>\n\t\t<style>\n\t.title-css {\n\t\tfont-size: 18px;\n\t\tfont-weight: bolder;\n\t\ttext-transform: uppercase;\n\t}\n\n\t.desc-css {\n\t\tfont-size: 16px;\n\t}\n\n\t.caption-css {\n\t\tfont-size: 16px;\n\t\tfont-weight: bolder;\n\t\ttext-transform: uppercase;\n\t}\n\n\ta.sp-video:after {\n\t\tbox-sizing: unset;\n\t}\n\n\t<\/style>\n<script type=\"application\/javascript\">\n\tjQuery(document).ready(function (jQuery) {\n\t\tjQuery(\"#my-slider-53268\").sliderPro({\n\t\t\twidth: 960,\n\t\t\theight: 540,\n\t\t\t\/\/Slide\n\t\t\tcenterImage: true,\n\t\t\tallowScaleUp: true,\n\t\t\tautoSlideSize: false,\n\t\t\tautoHeight: true,\n\t\t\tshuffle: false,\n\t\t\tloop: true,\n\t\t\tvisibleSize: 'auto',\n\t\t\twaitForLayers: false,\n\t\t\tautoScaleLayers: true,\n\t\t\t\/\/Auto\n\t\t\tautoplay: false,\n\t\t\tautoplayDelay: 5000,\n\t\t\tautoplayOnHover: 'pause',\n\t\t\t\/\/Navigation\n\t\t\tarrows: true,\n\t\t\tfadeArrows: false,\n\t\t\tbuttons: false,\n\t\t\tkeyboard: false,\n\t\t\tfullScreen: false,\n\t\t\tfadeFullScreen: false,\n\t\t\t\/\/Video\n\t\t\tplayVideoAction: 'stopAutoplay',\n\t\t\tpauseVideoAction: 'none',\n\t\t\t\/\/Thumbnails\n\t\t\tthumbnailWidth: 200,\n\t\t\tthumbnailHeight: 100,\n\t\t\tthumbnailsPosition: 'top',\n\t\t\tthumbnailArrows: true,\n\t\t\tfadeThumbnailArrows: false,\n\t\t\tthumbnailTouchSwipe: true\t\t});\n\t});\n<\/script>[\/et_pb_code][et_pb_text _builder_version=\u00bb4.22.1&#8243; _module_preset=\u00bb86455770-bee1-437e-a943-6f643df6ecc0&#8243; global_colors_info=\u00bb{}\u00bb]Antes de que los nazis hicieran del asesinato algo efectivo en las c\u00e1maras de gas, existieron primero las horribles \u201cmuertes compasivas\u201d para eliminar de Alemania su poblaci\u00f3n con discapacidades cognitivas y de desarrollo. Con el nombre clave de \u201cOperaci\u00f3n T4\u201d, la direcci\u00f3n postal de la sede central en Berl\u00edn, Tiergartenstra\u00dfe 4, de septiembre de 1939 a agosto de 1941, las instituciones m\u00e9dicas alemanas y austriacas ejecutaron a muchos de los ciudadanos m\u00e1s vulnerables de Alemania. Esta campa\u00f1a junto con el programa \u201ceutanasia incontrolable\u201d que le sigui\u00f3, dieron como resultado la muerte de aproximadamente 200,000 personas. Esta exposici\u00f3n conservada por el MHH ofrecer\u00e1 documentaci\u00f3n hist\u00f3rica del papel que desempe\u00f1aron cient\u00edficos, m\u00e9dicos y funcionarios del gobierno, y describir\u00e1 las actividades de los centros de exterminio de Brandenburg, Grafeneck, Hartheim, Sonnenstein, Bernburg y Hadamar.<\/p>\n<p>Esta exposici\u00f3n y el cat\u00e1logo que la acompa\u00f1a est\u00e1n aseguradas gracias a la generosidad de Gateway Logistics Group, Inc.; Lufthansa Airlines; y el Dr. Sheldon y Linda Rubenfeld, con un especial agradecimiento a Continental Airlines, aerol\u00ednea oficial del Museo del Holocausto de Houston.[\/et_pb_text][\/et_pb_column][\/et_pb_row][\/et_pb_section]<\/p>\n","protected":false},"excerpt":{"rendered":"<p>[et_pb_section fb_built=\u00bb1&#8243; _builder_version=\u00bb4.18.0&#8243; _module_preset=\u00bbdefault\u00bb locked=\u00bboff\u00bb global_colors_info=\u00bb{}\u00bb][et_pb_row _builder_version=\u00bb4.21.0&#8243; _module_preset=\u00bbdefault\u00bb width=\u00bb100%\u00bb max_width=\u00bb100%\u00bb custom_padding=\u00bb0px||0px||false|false\u00bb locked=\u00bboff\u00bb global_colors_info=\u00bb{}\u00bb][et_pb_column type=\u00bb4_4&#8243; _builder_version=\u00bb4.18.0&#8243; _module_preset=\u00bbdefault\u00bb global_colors_info=\u00bb{}\u00bb][et_pb_code module_class=\u00bbvideo_slide_code\u00bb _builder_version=\u00bb4.22.2&#8243; _module_preset=\u00bbdefault\u00bb locked=\u00bboff\u00bb global_colors_info=\u00bb{}\u00bb][\/et_pb_code][et_pb_text _builder_version=\u00bb4.22.1&#8243; _module_preset=\u00bb86455770-bee1-437e-a943-6f643df6ecc0&#8243; global_colors_info=\u00bb{}\u00bb]Antes de que los nazis hicieran [&hellip;]<\/p>\n","protected":false},"author":1,"featured_media":0,"template":"","meta":{"_acf_changed":false,"_et_pb_use_builder":"on","_et_pb_old_content":"","_et_gb_content_width":"","inline_featured_image":false,"_tribe_events_status":"","_tribe_events_status_reason":"","_tribe_events_is_hybrid":"","_tribe_events_is_virtual":"","_tribe_events_virtual_video_source":"","_tribe_events_virtual_embed_video":"","_tribe_events_virtual_linked_button_text":"","_tribe_events_virtual_linked_button":"","_tribe_events_virtual_show_embed_at":"","_tribe_events_virtual_show_embed_to":[],"_tribe_events_virtual_show_on_event":"","_tribe_events_virtual_show_on_views":"","_tribe_events_virtual_url":"","footnotes":""},"tags":[],"exhibitions_type":[],"tribe_events_cat":[162],"class_list":["post-51229","tribe_events","type-tribe_events","status-publish","hentry","tribe_events_cat-exposiciones"],"acf":[],"_links":{"self":[{"href":"https:\/\/hmh.org\/es\/wp-json\/wp\/v2\/tribe_events\/51229","targetHints":{"allow":["GET"]}}],"collection":[{"href":"https:\/\/hmh.org\/es\/wp-json\/wp\/v2\/tribe_events"}],"about":[{"href":"https:\/\/hmh.org\/es\/wp-json\/wp\/v2\/types\/tribe_events"}],"author":[{"embeddable":true,"href":"https:\/\/hmh.org\/es\/wp-json\/wp\/v2\/users\/1"}],"version-history":[{"count":0,"href":"https:\/\/hmh.org\/es\/wp-json\/wp\/v2\/tribe_events\/51229\/revisions"}],"wp:attachment":[{"href":"https:\/\/hmh.org\/es\/wp-json\/wp\/v2\/media?parent=51229"}],"wp:term":[{"taxonomy":"post_tag","embeddable":true,"href":"https:\/\/hmh.org\/es\/wp-json\/wp\/v2\/tags?post=51229"},{"taxonomy":"exhibitions_type","embeddable":true,"href":"https:\/\/hmh.org\/es\/wp-json\/wp\/v2\/exhibitions_type?post=51229"},{"taxonomy":"tribe_events_cat","embeddable":true,"href":"https:\/\/hmh.org\/es\/wp-json\/wp\/v2\/tribe_events_cat?post=51229"}],"curies":[{"name":"wp","href":"https:\/\/api.w.org\/{rel}","templated":true}]}}