{"id":50005,"date":"2023-09-13T06:47:28","date_gmt":"2023-09-13T11:47:28","guid":{"rendered":"https:\/\/hmh.org\/?page_id=50005"},"modified":"2025-01-06T13:36:08","modified_gmt":"2025-01-06T19:36:08","slug":"exposicione","status":"publish","type":"page","link":"https:\/\/hmh.org\/es\/exposicione\/","title":{"rendered":"Exposiciones"},"content":{"rendered":"<p>[et_pb_section fb_built=\u00bb1&#8243; custom_padding_last_edited=\u00bbon|phone\u00bb admin_label=\u00bbExposiciones permanentes\u00bb module_id=\u00bbpermanent_exhibitions\u00bb _builder_version=\u00bb4.21.0&#8243; _module_preset=\u00bbdefault\u00bb background_enable_color=\u00bboff\u00bb custom_margin=\u00bb-50px||||false|false\u00bb custom_margin_tablet=\u00bb-50px||||false|false\u00bb custom_margin_phone=\u00bb0px||||false|false\u00bb custom_margin_last_edited=\u00bbon|phone\u00bb custom_padding=\u00bb0px||||false|false\u00bb custom_padding_tablet=\u00bb0px||||false|false\u00bb custom_padding_phone=\u00bb0px||10px||false|false\u00bb locked=\u00bboff\u00bb collapsed=\u00bboff\u00bb global_colors_info=\u00bb{}\u00bb][et_pb_row _builder_version=\u00bb4.21.0&#8243; _module_preset=\u00bbdefault\u00bb width=\u00bb100%\u00bb width_tablet=\u00bb100%\u00bb width_phone=\u00bb100%\u00bb width_last_edited=\u00bbon|phone\u00bb max_width=\u00bb100%\u00bb custom_padding=\u00bb0px||0px||true|false\u00bb global_colors_info=\u00bb{}\u00bb][et_pb_column type=\u00bb4_4&#8243; _builder_version=\u00bb4.18.0&#8243; _module_preset=\u00bbdefault\u00bb global_colors_info=\u00bb{}\u00bb][et_pb_text _builder_version=\u00bb4.22.1&#8243; _module_preset=\u00bbdefault\u00bb text_font=\u00bbOpen Sans||||||||\u00bb text_font_size=\u00bb40px\u00bb link_font=\u00bbNeue Haas Display Bold|700|||||||\u00bb link_text_color=\u00bb#006f79&#8243; header_2_font=\u00bbNeue Haas Display Bold|700|||||||\u00bb header_2_text_color=\u00bb#000000&#8243; header_2_font_size=\u00bb44px\u00bb header_2_line_height=\u00bb60px\u00bb custom_margin=\u00bb||0px||false|false\u00bb text_font_size_tablet=\u00bb40px\u00bb text_font_size_phone=\u00bb35px\u00bb text_font_size_last_edited=\u00bbon|phone\u00bb text_line_height_tablet=\u00bb\u00bb text_line_height_phone=\u00bb35px\u00bb text_line_height_last_edited=\u00bbon|phone\u00bb header_2_font_size_tablet=\u00bb30px\u00bb header_2_font_size_phone=\u00bb25px\u00bb header_2_font_size_last_edited=\u00bbon|phone\u00bb header_2_line_height_tablet=\u00bb35px\u00bb header_2_line_height_phone=\u00bb35px\u00bb header_2_line_height_last_edited=\u00bbon|tablet\u00bb]<\/p>\n<h2>Exposiciones permanentes<\/h2>\n<p>[\/et_pb_text][\/et_pb_column][\/et_pb_row][et_pb_row column_structure=\u00bb1_2,1_2&#8243; use_custom_gutter=\u00bbon\u00bb module_class=\u00bbspotlights exhibitions_list\u00bb _builder_version=\u00bb4.21.0&#8243; _module_preset=\u00bbdefault\u00bb width=\u00bb100%\u00bb width_tablet=\u00bb100%\u00bb width_phone=\u00bb100%\u00bb width_last_edited=\u00bbon|phone\u00bb max_width=\u00bb100%\u00bb custom_padding=\u00bb10px||10px||true|false\u00bb global_colors_info=\u00bb{}\u00bb][et_pb_column type=\u00bb1_2&#8243; _builder_version=\u00bb4.18.0&#8243; _module_preset=\u00bbdefault\u00bb global_colors_info=\u00bb{}\u00bb][dsm_card button_css=\u00bbsupreme_card\u00bb title=\u00bbGaler\u00eda del Holocausto\u00bb subtitle=\u00bbTestimonio: una comunidad que recuerda\u00bb image=\u00bbhttps:\/\/hmh.org\/wp-content\/uploads\/EXHIBITIONS-one.png\u00bb alt=\u00bbEXHIBITIONS one\u00bb _builder_version=\u00bb4.27.4&#8243; _dynamic_attributes=\u00bblink_option_url\u00bb _module_preset=\u00bb8ef28e04-f8f6-4666-b53b-0d8273ffea68&#8243; custom_padding_tablet=\u00bb\u00bb custom_padding_phone=\u00bb||20px||false|false\u00bb custom_padding_last_edited=\u00bbon|phone\u00bb link_option_url=\u00bb@ET-DC@eyJkeW5hbWljIjp0cnVlLCJjb250ZW50IjoicG9zdF9saW5rX3VybF90cmliZV9ldmVudHMiLCJzZXR0aW5ncyI6eyJwb3N0X2lkIjoiNDk4NDcifX0=@\u00bb global_colors_info=\u00bb{}\u00bb]<\/p>\n<p>Exhibici\u00f3n permanente<\/p>\n<p>[\/dsm_card][\/et_pb_column][et_pb_column type=\u00bb1_2&#8243; _builder_version=\u00bb4.18.0&#8243; _module_preset=\u00bbdefault\u00bb global_colors_info=\u00bb{}\u00bb][dsm_card button_css=\u00bbsupreme_card\u00bb title=\u00bbGALER\u00cdA DE DERECHOS HUMANOS LESTER Y SUE SMITH\u00bb subtitle=\u00bbGaler\u00eda de Derechos Humanos Lester y Sue Smith\u00bb image=\u00bbhttps:\/\/hmh.org\/wp-content\/uploads\/EXHIBITIONS-two.png\u00bb alt=\u00bbEXHIBITIONS two\u00bb _builder_version=\u00bb4.27.4&#8243; _dynamic_attributes=\u00bblink_option_url\u00bb _module_preset=\u00bb8ef28e04-f8f6-4666-b53b-0d8273ffea68&#8243; link_option_url=\u00bb@ET-DC@eyJkeW5hbWljIjp0cnVlLCJjb250ZW50IjoicG9zdF9saW5rX3VybF90cmliZV9ldmVudHMiLCJzZXR0aW5ncyI6eyJwb3N0X2lkIjoiNDk3NTMifX0=@\u00bb global_colors_info=\u00bb{}\u00bb]<\/p>\n<p>Exhibici\u00f3n permanente<\/p>\n<p>[\/dsm_card][\/et_pb_column][\/et_pb_row][et_pb_row column_structure=\u00bb1_2,1_2&#8243; use_custom_gutter=\u00bbon\u00bb disabled_on=\u00bboff|off|off\u00bb module_class=\u00bbspotlights exhibitions_list\u00bb _builder_version=\u00bb4.21.0&#8243; _module_preset=\u00bbdefault\u00bb width=\u00bb100%\u00bb width_tablet=\u00bb100%\u00bb width_phone=\u00bb100%\u00bb width_last_edited=\u00bbon|phone\u00bb max_width=\u00bb100%\u00bb custom_padding=\u00bb10px||10px||true|false\u00bb global_colors_info=\u00bb{}\u00bb][et_pb_column type=\u00bb1_2&#8243; _builder_version=\u00bb4.18.0&#8243; _module_preset=\u00bbdefault\u00bb global_colors_info=\u00bb{}\u00bb][dsm_card button_css=\u00bbsupreme_card\u00bb title=\u00bbGALER\u00cdA Y CENTRO DE APRENDIZAJE SAMUEL BAK, EN MEMORIA DE HOPE SILBER KAPLAN\u00bb subtitle=\u00bbGaler\u00eda y Centro de aprendizaje Samuel Bak, en memoria de Hope Silber Kaplan\u00bb image=\u00bbhttps:\/\/hmh.org\/wp-content\/uploads\/EXHIBITIONS-three.png\u00bb alt=\u00bbEXHIBITIONS three\u00bb _builder_version=\u00bb4.27.4&#8243; _dynamic_attributes=\u00bblink_option_url\u00bb _module_preset=\u00bb8ef28e04-f8f6-4666-b53b-0d8273ffea68&#8243; custom_padding_tablet=\u00bb\u00bb custom_padding_phone=\u00bb||20px||false|false\u00bb custom_padding_last_edited=\u00bbon|phone\u00bb link_option_url=\u00bb@ET-DC@eyJkeW5hbWljIjp0cnVlLCJjb250ZW50IjoicG9zdF9saW5rX3VybF90cmliZV9ldmVudHMiLCJzZXR0aW5ncyI6eyJwb3N0X2lkIjoiNDk5NDMifX0=@\u00bb global_colors_info=\u00bb{}\u00bb]<\/p>\n<p>Exhibici\u00f3n permanente<\/p>\n<p>[\/dsm_card][\/et_pb_column][et_pb_column type=\u00bb1_2&#8243; _builder_version=\u00bb4.18.0&#8243; _module_preset=\u00bbdefault\u00bb global_colors_info=\u00bb{}\u00bb][dsm_card button_css=\u00bbsupreme_card\u00bb title=\u00bbGALERIA RHONA Y BRUCE CARESS\u00bb subtitle=\u00bbGaler\u00eda Rhona y Bruce Caress &#8211; Y a\u00fan escribo: J\u00f3venes Diaristas sobre Guerra y Genocidio\u00bb image=\u00bbhttps:\/\/hmh.org\/wp-content\/uploads\/EXHIBITIONS-four.png\u00bb alt=\u00bbEXHIBITIONS four\u00bb _builder_version=\u00bb4.27.4&#8243; _dynamic_attributes=\u00bblink_option_url\u00bb _module_preset=\u00bb8ef28e04-f8f6-4666-b53b-0d8273ffea68&#8243; link_option_url=\u00bb@ET-DC@eyJkeW5hbWljIjp0cnVlLCJjb250ZW50IjoicG9zdF9saW5rX3VybF90cmliZV9ldmVudHMiLCJzZXR0aW5ncyI6eyJwb3N0X2lkIjoiNDk5MzQifX0=@\u00bb global_colors_info=\u00bb{}\u00bb]<\/p>\n<p>Exhibici\u00f3n permanente<\/p>\n<p>[\/dsm_card][\/et_pb_column][\/et_pb_row][et_pb_row column_structure=\u00bb1_2,1_2&#8243; use_custom_gutter=\u00bbon\u00bb disabled_on=\u00bboff|off|off\u00bb module_class=\u00bbspotlights exhibitions_list\u00bb _builder_version=\u00bb4.21.0&#8243; _module_preset=\u00bbdefault\u00bb width=\u00bb100%\u00bb width_tablet=\u00bb100%\u00bb width_phone=\u00bb100%\u00bb width_last_edited=\u00bbon|phone\u00bb max_width=\u00bb100%\u00bb custom_padding=\u00bb10px||10px||true|false\u00bb global_colors_info=\u00bb{}\u00bb][et_pb_column type=\u00bb1_2&#8243; _builder_version=\u00bb4.18.0&#8243; _module_preset=\u00bbdefault\u00bb global_colors_info=\u00bb{}\u00bb][dsm_card button_css=\u00bbsupreme_card\u00bb title=\u00bbVIRTUAL EXHIBITION\u00bb subtitle=\u00bbProyecto libertador de Texas: testimonios del Holocausto\u00bb image=\u00bbhttps:\/\/hmh.org\/wp-content\/uploads\/johnnie-marino-456w.jpg-456&#215;608-q85-subsampling-2-upscale.jpg\u00bb alt=\u00bbjohnnie marino 456w.jpg 456&#215;608 q85 subsampling 2 upscale\u00bb _builder_version=\u00bb4.27.4&#8243; _dynamic_attributes=\u00bblink_option_url\u00bb _module_preset=\u00bb8ef28e04-f8f6-4666-b53b-0d8273ffea68&#8243; custom_padding_tablet=\u00bb\u00bb custom_padding_phone=\u00bb||20px||false|false\u00bb custom_padding_last_edited=\u00bbon|phone\u00bb link_option_url=\u00bb@ET-DC@eyJkeW5hbWljIjp0cnVlLCJjb250ZW50IjoicG9zdF9saW5rX3VybF90cmliZV9ldmVudHMiLCJzZXR0aW5ncyI6eyJwb3N0X2lkIjoiNDk5NjQifX0=@\u00bb global_colors_info=\u00bb{}\u00bb]<\/p>\n<p>Exhibici\u00f3n permanente<\/p>\n<p>[\/dsm_card][\/et_pb_column][et_pb_column type=\u00bb1_2&#8243; _builder_version=\u00bb4.18.0&#8243; _module_preset=\u00bbdefault\u00bb global_colors_info=\u00bb{}\u00bb][\/et_pb_column][\/et_pb_row][\/et_pb_section][et_pb_section fb_built=\u00bb1&#8243; custom_padding_last_edited=\u00bbon|desktop\u00bb admin_label=\u00bbExposiciones temporales\u00bb module_id=\u00bbtemporary_exhibitions\u00bb _builder_version=\u00bb4.22.1&#8243; _module_preset=\u00bbdefault\u00bb background_enable_color=\u00bboff\u00bb custom_margin=\u00bb0px||||false|false\u00bb custom_margin_tablet=\u00bb0px||||false|false\u00bb custom_margin_phone=\u00bb0px||||false|false\u00bb custom_margin_last_edited=\u00bbon|phone\u00bb custom_padding=\u00bb0px||0px||false|false\u00bb custom_padding_tablet=\u00bb0px||||false|false\u00bb custom_padding_phone=\u00bb0px||0px||false|false\u00bb locked=\u00bboff\u00bb collapsed=\u00bboff\u00bb global_colors_info=\u00bb{}\u00bb][et_pb_row _builder_version=\u00bb4.21.0&#8243; _module_preset=\u00bbdefault\u00bb width=\u00bb100%\u00bb width_tablet=\u00bb100%\u00bb width_phone=\u00bb100%\u00bb width_last_edited=\u00bbon|phone\u00bb max_width=\u00bb100%\u00bb custom_padding=\u00bb0px||0px||true|false\u00bb global_colors_info=\u00bb{}\u00bb][et_pb_column type=\u00bb4_4&#8243; _builder_version=\u00bb4.18.0&#8243; _module_preset=\u00bbdefault\u00bb global_colors_info=\u00bb{}\u00bb][et_pb_text _builder_version=\u00bb4.22.1&#8243; _module_preset=\u00bbdefault\u00bb text_font=\u00bbOpen Sans||||||||\u00bb text_font_size=\u00bb40px\u00bb link_font=\u00bbNeue Haas Display Bold|700|||||||\u00bb link_text_color=\u00bb#006f79&#8243; header_2_font=\u00bbNeue Haas Display Bold|700|||||||\u00bb header_2_text_color=\u00bb#000000&#8243; header_2_font_size=\u00bb44px\u00bb header_2_line_height=\u00bb60px\u00bb custom_margin=\u00bb||0px||false|false\u00bb text_font_size_tablet=\u00bb40px\u00bb text_font_size_phone=\u00bb35px\u00bb text_font_size_last_edited=\u00bbon|phone\u00bb text_line_height_tablet=\u00bb\u00bb text_line_height_phone=\u00bb35px\u00bb text_line_height_last_edited=\u00bbon|phone\u00bb header_2_font_size_tablet=\u00bb30px\u00bb header_2_font_size_phone=\u00bb25px\u00bb header_2_font_size_last_edited=\u00bbon|phone\u00bb header_2_line_height_tablet=\u00bb35px\u00bb header_2_line_height_phone=\u00bb35px\u00bb header_2_line_height_last_edited=\u00bbon|tablet\u00bb global_colors_info=\u00bb{}\u00bb]<\/p>\n<h2>Exposiciones temporales<\/h2>\n<p>[\/et_pb_text][\/et_pb_column][\/et_pb_row][et_pb_row column_structure=\u00bb1_2,1_2&#8243; use_custom_gutter=\u00bbon\u00bb module_class=\u00bbspotlights exhibitions_list\u00bb _builder_version=\u00bb4.21.0&#8243; _module_preset=\u00bbdefault\u00bb width=\u00bb100%\u00bb width_tablet=\u00bb100%\u00bb width_phone=\u00bb100%\u00bb width_last_edited=\u00bbon|phone\u00bb max_width=\u00bb100%\u00bb custom_padding=\u00bb10px||10px||true|false\u00bb global_colors_info=\u00bb{}\u00bb][et_pb_column type=\u00bb1_2&#8243; _builder_version=\u00bb4.18.0&#8243; _module_preset=\u00bbdefault\u00bb global_colors_info=\u00bb{}\u00bb][dsm_card button_css=\u00bbsupreme_card\u00bb title=\u00bbJOSEF AND EDITH MINCBERG GALLERY\u00bb subtitle=\u00bbLife and Death on the Border 1910-1920&#8243; image=\u00bbhttps:\/\/hmh.org\/wp-content\/uploads\/Life-and-Death-600&#215;500-1.png\u00bb alt=\u00bbTemporary Exhibitions four\u00bb _builder_version=\u00bb4.27.4&#8243; _dynamic_attributes=\u00bblink_option_url\u00bb _module_preset=\u00bb8ef28e04-f8f6-4666-b53b-0d8273ffea68&#8243; link_option_url=\u00bb@ET-DC@eyJkeW5hbWljIjp0cnVlLCJjb250ZW50IjoicG9zdF9saW5rX3VybF90cmliZV9ldmVudHMiLCJzZXR0aW5ncyI6eyJwb3N0X2lkIjoiNTYzMzEifX0=@\u00bb global_colors_info=\u00bb{}\u00bb]<\/p>\n<p>24 de enero \u2014 25 de mayo de 2025<\/p>\n<p>[\/dsm_card][\/et_pb_column][et_pb_column type=\u00bb1_2&#8243; _builder_version=\u00bb4.18.0&#8243; _module_preset=\u00bbdefault\u00bb global_colors_info=\u00bb{}\u00bb][\/et_pb_column][\/et_pb_row][et_pb_row column_structure=\u00bb1_2,1_2&#8243; use_custom_gutter=\u00bbon\u00bb disabled_on=\u00bbon|on|on\u00bb module_class=\u00bbspotlights exhibitions_list\u00bb _builder_version=\u00bb4.22.2&#8243; _module_preset=\u00bbdefault\u00bb width=\u00bb100%\u00bb width_tablet=\u00bb100%\u00bb width_phone=\u00bb100%\u00bb width_last_edited=\u00bbon|phone\u00bb max_width=\u00bb100%\u00bb custom_padding=\u00bb10px||0px||false|false\u00bb disabled=\u00bbon\u00bb global_colors_info=\u00bb{}\u00bb][et_pb_column type=\u00bb1_2&#8243; _builder_version=\u00bb4.18.0&#8243; _module_preset=\u00bbdefault\u00bb global_colors_info=\u00bb{}\u00bb][dsm_card button_css=\u00bbsupreme_card\u00bb title=\u00bbHOPE: Stories of Houston Survivors\u00bb subtitle=\u00bbseptiembre 22, 2023 \u2014 diciembre 3, 2023&#8243; image=\u00bbhttps:\/\/hmh.org\/wp-content\/uploads\/hope.jpg-643&#215;375-q85-subsampling-2-upscale-1.jpg\u00bb alt=\u00bbhope.jpg 643&#215;375 q85 subsampling 2 upscale (1)\u00bb _builder_version=\u00bb4.22.1&#8243; _dynamic_attributes=\u00bblink_option_url\u00bb _module_preset=\u00bb8ef28e04-f8f6-4666-b53b-0d8273ffea68&#8243; link_option_url=\u00bb@ET-DC@eyJkeW5hbWljIjp0cnVlLCJjb250ZW50IjoicG9zdF9saW5rX3VybF90cmliZV9ldmVudHMiLCJzZXR0aW5ncyI6eyJwb3N0X2lkIjoiNTAwNDgifX0=@\u00bb global_colors_info=\u00bb{}\u00bb]SPIRA CENTRAL GALLERY IN MEMORY OF BRENDA SPIRA[\/dsm_card][\/et_pb_column][et_pb_column type=\u00bb1_2&#8243; _builder_version=\u00bb4.18.0&#8243; _module_preset=\u00bbdefault\u00bb global_colors_info=\u00bb{}\u00bb][\/et_pb_column][\/et_pb_row][\/et_pb_section]<\/p>\n","protected":false},"excerpt":{"rendered":"<p>Exposiciones permanentes<div class=\"et_pb_module dsm_card dsm_card_0 et_pb_bg_layout_light  dsm_card_layout_stacked\">\n\t\t\t\t\n\t\t\t\t\n\t\t\t\t\n\t\t\t\t\n\t\t\t\t\n\t\t\t\t\n\t\t\t\t<div class=\"et_pb_module_inner\">\n\t\t\t\t\t\n\t\t\t\n\t\t\t<figure class=\"dsm_card_image_wrapper dsm_card_badge_top_right\"><div class=\"dsm_card_image_background dsm_card_img\"><\/div><\/figure>\n\t\t\t<div class=\"et_pb_module dsm_card_wrapper et_pb_text_align_left\">\n\t\t\t\t\t\n\t\t\t\t\t<h2 class=\"dsm_card_title et_pb_module_header\">Galer\u00eda del Holocausto<\/h2>\n\t\t\t\t\t<div class=\"dsm_card_subtitle\">Testimonio: una comunidad que recuerda<\/div>\n\t\t\t\t\t<div class=\"dsm_card_description\">Exhibici\u00f3n permanente<\/div>\n\t\t\t\t\t\n\t\t\t\t<\/div>\n\t\t\t\n\t\t\t\t<\/div>\n\t\t\t<\/div><div class=\"et_pb_module dsm_card dsm_card_1 et_pb_bg_layout_light  dsm_card_layout_stacked\">\n\t\t\t\t\n\t\t\t\t\n\t\t\t\t\n\t\t\t\t\n\t\t\t\t\n\t\t\t\t\n\t\t\t\t<div class=\"et_pb_module_inner\">\n\t\t\t\t\t\n\t\t\t\n\t\t\t\n\t\t\t<div class=\"et_pb_module dsm_card_wrapper et_pb_text_align_left\">\n\t\t\t\t\t\n\t\t\t\t\t<h4 class=\"dsm_card_title et_pb_module_header\">\u00bbGALER\u00cdA<\/h4>\n\t\t\t\t\t\n\t\t\t\t\t\n\t\t\t\t\t\n\t\t\t\t<\/div>\n\t\t\t\n\t\t\t\t<\/div>\n\t\t\t<\/div><\/p>\n","protected":false},"author":1,"featured_media":0,"parent":0,"menu_order":0,"comment_status":"closed","ping_status":"closed","template":"","meta":{"_acf_changed":false,"_et_pb_use_builder":"on","_et_pb_old_content":"","_et_gb_content_width":"","inline_featured_image":false,"footnotes":""},"class_list":["post-50005","page","type-page","status-publish","hentry"],"acf":[],"_links":{"self":[{"href":"https:\/\/hmh.org\/es\/wp-json\/wp\/v2\/pages\/50005","targetHints":{"allow":["GET"]}}],"collection":[{"href":"https:\/\/hmh.org\/es\/wp-json\/wp\/v2\/pages"}],"about":[{"href":"https:\/\/hmh.org\/es\/wp-json\/wp\/v2\/types\/page"}],"author":[{"embeddable":true,"href":"https:\/\/hmh.org\/es\/wp-json\/wp\/v2\/users\/1"}],"replies":[{"embeddable":true,"href":"https:\/\/hmh.org\/es\/wp-json\/wp\/v2\/comments?post=50005"}],"version-history":[{"count":0,"href":"https:\/\/hmh.org\/es\/wp-json\/wp\/v2\/pages\/50005\/revisions"}],"wp:attachment":[{"href":"https:\/\/hmh.org\/es\/wp-json\/wp\/v2\/media?parent=50005"}],"curies":[{"name":"wp","href":"https:\/\/api.w.org\/{rel}","templated":true}]}}